{"id":103,"date":"2026-02-26T15:41:31","date_gmt":"2026-02-26T15:41:31","guid":{"rendered":"https:\/\/wikidati.fr\/?page_id=103"},"modified":"2026-03-20T18:00:24","modified_gmt":"2026-03-20T18:00:24","slug":"les-affaires","status":"publish","type":"page","link":"https:\/\/wikidati.fr\/","title":{"rendered":"Les affaires"},"content":{"rendered":"\n<p><strong>Quatorze affaires<\/strong> distinctes visent directement Rachida Dati et sont r\u00e9pertori\u00e9es dans les m\u00e9dias. Pour chacune d&#8217;entre elle, <strong>les faits et la chronologie<\/strong> ont \u00e9t\u00e9 r\u00e9sum\u00e9s et sourc\u00e9s pr\u00e9cis\u00e9ment. Pour chaque affaire, il est essentiel de rappeler <strong>pourquoi ces faits posent probl\u00e8me<\/strong> du point de vue de la loi, mais surtout de l&#8217;\u00e9thique politique et pourquoi ils remettent en cause l\u2019honn\u00eatet\u00e9 et le d\u00e9sint\u00e9ressement de la candidate \u00e0 la mairie de Paris.<\/p>\n\n\n\n<div class=\"wp-block-group\"><div class=\"wp-block-group__inner-container is-layout-constrained wp-block-group-is-layout-constrained\">\n<div id=\"ez-toc-container\" class=\"ez-toc-v2_0_81 ez-toc-wrap-left counter-hierarchy ez-toc-counter ez-toc-grey ez-toc-container-direction\">\n<div class=\"ez-toc-title-container\">\n<p class=\"ez-toc-title\" style=\"cursor:inherit\">Sommaire<\/p>\n<span class=\"ez-toc-title-toggle\"><a href=\"#\" class=\"ez-toc-pull-right ez-toc-btn ez-toc-btn-xs ez-toc-btn-default ez-toc-toggle\" aria-label=\"Toggle Table of Content\"><span class=\"ez-toc-js-icon-con\"><span class=\"\"><span class=\"eztoc-hide\" style=\"display:none;\">Toggle<\/span><span class=\"ez-toc-icon-toggle-span\"><svg style=\"fill: #000000;color:#000000\" xmlns=\"http:\/\/www.w3.org\/2000\/svg\" class=\"list-377408\" width=\"20px\" height=\"20px\" viewBox=\"0 0 24 24\" fill=\"none\"><path d=\"M6 6H4v2h2V6zm14 0H8v2h12V6zM4 11h2v2H4v-2zm16 0H8v2h12v-2zM4 16h2v2H4v-2zm16 0H8v2h12v-2z\" fill=\"currentColor\"><\/path><\/svg><svg style=\"fill: #000000;color:#000000\" class=\"arrow-unsorted-368013\" xmlns=\"http:\/\/www.w3.org\/2000\/svg\" width=\"10px\" height=\"10px\" viewBox=\"0 0 24 24\" version=\"1.2\" baseProfile=\"tiny\"><path d=\"M18.2 9.3l-6.2-6.3-6.2 6.3c-.2.2-.3.4-.3.7s.1.5.3.7c.2.2.4.3.7.3h11c.3 0 .5-.1.7-.3.2-.2.3-.5.3-.7s-.1-.5-.3-.7zM5.8 14.7l6.2 6.3 6.2-6.3c.2-.2.3-.5.3-.7s-.1-.5-.3-.7c-.2-.2-.4-.3-.7-.3h-11c-.3 0-.5.1-.7.3-.2.2-.3.5-.3.7s.1.5.3.7z\"\/><\/svg><\/span><\/span><\/span><\/a><\/span><\/div>\n<nav><ul class='ez-toc-list ez-toc-list-level-1 ' ><li class='ez-toc-page-1 ez-toc-heading-level-2'><a class=\"ez-toc-link ez-toc-heading-1\" href=\"https:\/\/wikidati.fr\/#Potentielle_corruption_par_Carlos_Ghosn_ancien_PDG_de_Renault-Nissan\" >Potentielle corruption par Carlos Ghosn, ancien PDG de Renault-Nissan&nbsp;<\/a><\/li><li class='ez-toc-page-1 ez-toc-heading-level-2'><a class=\"ez-toc-link ez-toc-heading-2\" href=\"https:\/\/wikidati.fr\/#Potentielle_corruption_par_GDF-Suez\" >Potentielle corruption par GDF-Suez&nbsp;<\/a><\/li><li class='ez-toc-page-1 ez-toc-heading-level-2'><a class=\"ez-toc-link ez-toc-heading-3\" href=\"https:\/\/wikidati.fr\/#Potentielle_corruption_par_le_Qatar\" >Potentielle corruption par le Qatar<\/a><\/li><li class='ez-toc-page-1 ez-toc-heading-level-2'><a class=\"ez-toc-link ez-toc-heading-4\" href=\"https:\/\/wikidati.fr\/#Possible_complicite_dans_la_detention_illegale_dun_francais_au_Qatar\" >Possible complicit\u00e9 dans la d\u00e9tention ill\u00e9gale d\u2019un fran\u00e7ais au Qatar<\/a><\/li><li class='ez-toc-page-1 ez-toc-heading-level-2'><a class=\"ez-toc-link ez-toc-heading-5\" href=\"https:\/\/wikidati.fr\/#Possible_corruption_par_lAzerbaidjan\" >Possible corruption par l\u2019Azerba\u00efdjan<\/a><\/li><li class='ez-toc-page-1 ez-toc-heading-level-2'><a class=\"ez-toc-link ez-toc-heading-6\" href=\"https:\/\/wikidati.fr\/#Potentielle_corruption_par_Orange\" >Potentielle corruption par Orange<\/a><\/li><li class='ez-toc-page-1 ez-toc-heading-level-2'><a class=\"ez-toc-link ez-toc-heading-7\" href=\"https:\/\/wikidati.fr\/#Bijoux_potentiellement_non_declares_a_la_Haute_autorite_pour_la_transparence_de_la_vie_publique\" >Bijoux potentiellement non d\u00e9clar\u00e9s \u00e0 la Haute autorit\u00e9 pour la transparence de la vie publique<\/a><\/li><li class='ez-toc-page-1 ez-toc-heading-level-2'><a class=\"ez-toc-link ez-toc-heading-8\" href=\"https:\/\/wikidati.fr\/#Recours_systematique_a_des_procedures-baillons_pour_faire_taire_toute_evocation_de_ses_affaires\" >Recours syst\u00e9matique \u00e0 des proc\u00e9dures-baillons pour faire taire toute \u00e9vocation de ses affaires<\/a><\/li><li class='ez-toc-page-1 ez-toc-heading-level-2'><a class=\"ez-toc-link ez-toc-heading-9\" href=\"https:\/\/wikidati.fr\/#Prise_en_charge_de_ses_frais_davocats_avec_de_largent_public\" >Prise en charge de ses frais d\u2019avocats avec de l\u2019argent public<\/a><\/li><li class='ez-toc-page-1 ez-toc-heading-level-2'><a class=\"ez-toc-link ez-toc-heading-10\" href=\"https:\/\/wikidati.fr\/#Multiples_interventions_pour_appuyer_des_demandes_de_logements_sociaux_y_compris_celle_de_sa_soeur\" >Multiples interventions pour appuyer des demandes de logements sociaux, y compris celle de sa s\u0153ur<\/a><\/li><li class='ez-toc-page-1 ez-toc-heading-level-2'><a class=\"ez-toc-link ez-toc-heading-11\" href=\"https:\/\/wikidati.fr\/#Prise_en_charge_dimportantes_depenses_de_frais_de_bouche_et_communication_avec_de_largent_public\" >Prise en charge d\u2019importantes d\u00e9penses de frais de bouche et communication avec de l\u2019argent public<\/a><\/li><li class='ez-toc-page-1 ez-toc-heading-level-2'><a class=\"ez-toc-link ez-toc-heading-12\" href=\"https:\/\/wikidati.fr\/#Presentation_dun_CV_trompeur_pour_etre_admise_a_lEcole_nationale_de_la_Magistrature\" >Pr\u00e9sentation d\u2019un CV trompeur pour \u00eatre admise \u00e0 l\u2019\u00c9cole nationale de la Magistrature<\/a><\/li><li class='ez-toc-page-1 ez-toc-heading-level-2'><a class=\"ez-toc-link ez-toc-heading-13\" href=\"https:\/\/wikidati.fr\/#Potentiel_parjure_devant_la_commission_denquete_sur_laudiovisuel_public\" >Potentiel parjure devant la commission d\u2019enqu\u00eate sur l\u2019audiovisuel public<\/a><\/li><li class='ez-toc-page-1 ez-toc-heading-level-2'><a class=\"ez-toc-link ez-toc-heading-14\" href=\"https:\/\/wikidati.fr\/#Possible_detournement_de_fonds_publics_par_lemploi_de_collaborateurs_publics_sur_des_missions_privees_davocate_ou_des_campagnes_electorales\" >Possible d\u00e9tournement de fonds publics par l\u2019emploi de collaborateurs publics sur des missions priv\u00e9es d\u2019avocate ou des campagnes \u00e9lectorales<\/a><\/li><\/ul><\/nav><\/div>\n<h2 class=\"wp-block-heading\"><span class=\"ez-toc-section\" id=\"Potentielle_corruption_par_Carlos_Ghosn_ancien_PDG_de_Renault-Nissan\"><\/span><strong>Potentielle corruption par Carlos Ghosn, ancien PDG de Renault-Nissan&nbsp;<\/strong><span class=\"ez-toc-section-end\"><\/span><\/h2>\n\n\n\n<p><em><strong>Quels sont les faits ?<\/strong><\/em><\/p>\n\n\n\n<p>En 2009, alors qu\u2019elle vient de d\u00e9buter son premier mandat d\u2019eurod\u00e9put\u00e9e apr\u00e8s avoir quitt\u00e9 le minist\u00e8re de la Justice, Rachida Dati signe un contrat d\u2019avocate avec RNVB, une filiale du groupe automobile Renault-Nissan alors dirig\u00e9e par Carlos Ghosn. La r\u00e9mun\u00e9ration est fix\u00e9e \u00e0 300 000 euros par an, avec une disponibilit\u00e9 d\u2019environ 300 heures par an, soit un taux horaire de 1000 euros de l\u2019heure hautement inhabituel dans la profession. Le contrat est sign\u00e9 avant m\u00eame que Rachida Dati ait pr\u00eat\u00e9 serment pour devenir officiellement avocate. Ce contrat durera 3 ans, et elle percevra au total 900 000 euros de la part de la filiale opaque de Renault-Nissan. Sur sa d\u00e9claration d\u2019int\u00e9r\u00eats d&#8217;eurod\u00e9put\u00e9e, seuls les revenus touch\u00e9s au titre de sa profession d\u2019avocate sont d\u00e9clar\u00e9s, et pas l\u2019identit\u00e9 de ses clients car elle n\u2019a pas l\u2019obligation de les r\u00e9v\u00e9ler. Au sein de Renault, tr\u00e8s peu de salari\u00e9s ont connaissance de l\u2019existence de ce contrat.<\/p>\n\n\n\n<p>Durant cette p\u00e9riode, alors qu&#8217;elle est r\u00e9mun\u00e9r\u00e9e par l\u2019entreprise d\u2019automobiles, Rachida Dati est active en tant qu\u2019eurod\u00e9put\u00e9e sur la question de la r\u00e9gulation des voitures thermiques au Parlement europ\u00e9en o\u00f9 elle intervient <a href=\"https:\/\/www.nouvelobs.com\/politique\/20240313.OBS85669\/l-affaire-dati-revelations-sur-le-business-cache-de-la-ministre-de-la-culture.html\">19 fois sur le sujet en s\u00e9ance pl\u00e9ni\u00e8re<\/a> durant ses deux mandats. Elle d\u00e9pose \u00e9galement une <a href=\"https:\/\/www.calameo.com\/read\/0062964521c3758054899\">question \u00e9crite<\/a> \u00e0 la Commission europ\u00e9enne sur la r\u00e9gulation du niveau sonore des v\u00e9hicules.<\/p>\n\n\n\n<p>Ces contrats avec Renault resteront confidentiels jusqu\u2019en 2018. Cette ann\u00e9e l\u00e0, Carlos Ghosn est arr\u00eat\u00e9 au Japon pour des soup\u00e7ons de d\u00e9tournements de l&#8217;argent de Renault-Nissan, puis il s\u2019\u00e9chappe au Liban. La nouvelle direction de Renault d\u00e9cide de lancer une enqu\u00eate interne, dont les conclusions sont relay\u00e9es par <a href=\"https:\/\/www.lemonde.fr\/economie\/article\/2019\/06\/04\/affaire-carlos-ghosn-l-audit-de-renault-a-identifie-11-millions-d-euros-de-depenses-suspectes_5471467_3234.html\">Le Monde<\/a>. Cette enqu\u00eate rel\u00e8ve plusieurs paiements suspects r\u00e9alis\u00e9s par Carlos Ghosn avec l\u2019argent de l\u2019entreprise, dont les contrats pass\u00e9s avec Rachida Dati. En 2019, <a href=\"https:\/\/www.leparisien.fr\/faits-divers\/affaire-carlos-ghosn-une-enquete-ouverte-sur-les-contrats-de-rachida-dati-et-alain-bauer-21-05-2019-8076606.php\">Le Parisien r\u00e9v\u00e8le<\/a> qu\u2019un actionnaire de Renault a d\u00e9pos\u00e9 plainte contre Rachida Dati pour corruption et recel d\u2019abus de biens sociaux, et que le parquet y a donn\u00e9 suite en ouvrant une enqu\u00eate pr\u00e9liminaire, puis en saisissant des juges d\u2019instruction pour une information judiciaire. En octobre 2019, la mairie du 7\u00e8me arrondissement et le domicile de Rachida Dati <a href=\"https:\/\/www.bfmtv.com\/economie\/economie-social\/france\/affaire-ghosn-perquisitions-au-bureau-et-au-domicile-de-rachida-dati_AN-201910230048.html?utm_source=chatgpt.com\">sont perquisitionn\u00e9s<\/a>, et elle est auditionn\u00e9e. Face aux enqu\u00eateurs, elle nie avoir effectu\u00e9 des actions de lobbying pour Renault en \u00e9change de sa r\u00e9mun\u00e9ration, et affirme avoir plut\u00f4t effectu\u00e9 des activit\u00e9s de diplomatie des affaires \u00e0 l\u2019international et de conseil juridique. Mais tr\u00e8s peu de documents \u00e9crits permettent d\u2019attester de la consistance de ce travail cens\u00e9 l&#8217;avoir occup\u00e9e pendant 300 heures par an. Surtout, les enqu\u00eateurs d\u00e9couvrent des documents qui semblent plut\u00f4t attester de l&#8217;instrumentalisation de ses pouvoirs d&#8217;eurod\u00e9put\u00e9e au profit de Renault-Nissan. <a href=\"https:\/\/www.nouvelobs.com\/politique\/20240313.OBS85669\/l-affaire-dati-revelations-sur-le-business-cache-de-la-ministre-de-la-culture.html\">Le Nouvel Obs r\u00e9v\u00e8le<\/a> notamment que la question \u00e9crite d\u00e9pos\u00e9e en tant qu\u2019eurod\u00e9put\u00e9e par Rachida Dati en 2012 sur le niveau sonore des v\u00e9hicules a \u00e9t\u00e9 transf\u00e9r\u00e9e 5 jours avant son d\u00e9p\u00f4t officiel au secr\u00e9tariat de Carlos Ghosn. Ou encore qu&#8217;une note r\u00e9dig\u00e9e par l\u2019assistante parlementaire de Rachida Dati mentionne \u00ab <em>belle victoire cette semaine \u00e0 Strasbourg sur le texte concernant le niveau sonore des v\u00e9hicules \u00bb.&nbsp;<\/em><\/p>\n\n\n\n<p>Apr\u00e8s plusieurs ann\u00e9es d\u2019enqu\u00eate ralenties par les multiples recours d\u00e9pos\u00e9s par les avocats de Rachida Dati, les juges d\u2019instruction cl\u00f4turent finalement leur enqu\u00eate et consid\u00e8rent avoir r\u00e9uni suffisamment de preuves pour justifier du renvoi de Rachida Dati devant un tribunal pour un proc\u00e8s pour trafic d\u2019influence et corruption. Il se <a href=\"https:\/\/www.lemonde.fr\/societe\/article\/2025\/09\/29\/le-proces-de-rachida-dati-pour-corruption-et-trafic-d-influence-prevu-du-16-au-28-septembre-2026-apres-les-elections-municipales_6643459_3224.html\">d\u00e9roulera <\/a>du 16 au 28 septembre 2026.<\/p>\n\n\n\n<p><em><strong>Pourquoi \u00e7a pose probl\u00e8me ?<\/strong><\/em><\/p>\n\n\n\n<p>Dans le cadre de cette affaire Renault-Nissan, Rachida Dati sera pr\u00e9cis\u00e9ment jug\u00e9e pour 4 d\u00e9lits diff\u00e9rents :&nbsp;<\/p>\n\n\n\n<ul class=\"wp-block-list\">\n<li><a href=\"https:\/\/www.legifrance.gouv.fr\/codes\/id\/LEGISCTA000006181763\">Corruption <\/a>: le proc\u00e8s devra d\u00e9terminer si la r\u00e9mun\u00e9ration totale de 900 000 euros re\u00e7ue de Renault-Nissan par Rachida Dati n\u2019a pas constitu\u00e9 un avantage quelconque, ou \u201cpot-de-vin\u201d, en \u00e9change de l\u2019accomplissement d\u2019actes de sa fonction d\u2019eurod\u00e9put\u00e9e, comme le d\u00e9p\u00f4t de questions \u00e9crites ou des interventions en s\u00e9ance pl\u00e9ni\u00e8re.&nbsp;<\/li>\n\n\n\n<li><a href=\"https:\/\/www.legifrance.gouv.fr\/codes\/id\/LEGISCTA000006181763\">Trafic d\u2019influence<\/a> : Ces 900 000 euros pourraient \u00e9galement avoir \u00e9t\u00e9 vers\u00e9s non pas pour accomplir directement un acte de sa fonction d\u2019\u00e9lue, mais pour faire usage de son influence r\u00e9elle ou suppos\u00e9e aupr\u00e8s d\u2019une autre autorit\u00e9 publique, comme la Commission europ\u00e9enne ou d\u2019autres eurod\u00e9put\u00e9s, afin d\u2019obtenir de leur part une d\u00e9cision publique favorable \u00e0 Renault-Nissan. <\/li>\n\n\n\n<li><a href=\"https:\/\/www.legifrance.gouv.fr\/codes\/article_lc\/LEGIARTI000006418234\">Recel d\u2019abus de pouvoir et d\u2019abus de confiance<\/a> : si Carlos Ghosn a pr\u00e9lev\u00e9 frauduleusement de l\u2019argent sur les comptes de Renault-Nissan pour r\u00e9mun\u00e9rer Rachida Dati, alors cette derni\u00e8re pourrait avoir commis un recel de ces d\u00e9lits en profitant de leurs fruits illicites.&nbsp;<\/li>\n<\/ul>\n\n\n\n<p>Si elle \u00e9tait reconnue coupable, Rachida Dati pourrait \u00eatre condamn\u00e9e \u00e0 une peine de prison et d\u2019amende pouvant aller jusqu\u2019\u00e0 10 ans d\u2019emprisonnement et 1 000 000 d\u2019euros d\u2019amende. En outre, elle pourrait \u00e9galement \u00eatre condamn\u00e9e \u00e0 une peine d\u2019in\u00e9ligibilit\u00e9 allant jusqu\u2019\u00e0 5 ann\u00e9es, avec une possible ex\u00e9cution provisoire qui la contraindrait \u00e0 quitter imm\u00e9diatement tous ses mandats d\u2019\u00e9lue locale m\u00eame en cas d\u2019appel. Les d\u00e9lits de corruption et trafic d\u2019influence peuvent en effet faire l\u2019objet d\u2019une <a href=\"https:\/\/www.legifrance.gouv.fr\/codes\/article_lc\/LEGIARTI000051741809\">peine compl\u00e9mentaire d&#8217;in\u00e9ligibilit\u00e9<\/a>.<\/p>\n\n\n\n<hr class=\"wp-block-separator has-alpha-channel-opacity\"\/>\n<\/div><\/div>\n\n\n\n<div class=\"wp-block-group\"><div class=\"wp-block-group__inner-container is-layout-constrained wp-block-group-is-layout-constrained\">\n<h2 class=\"wp-block-heading\"><span class=\"ez-toc-section\" id=\"Potentielle_corruption_par_GDF-Suez\"><\/span><strong>Potentielle corruption par GDF-Suez&nbsp;<\/strong><span class=\"ez-toc-section-end\"><\/span><\/h2>\n\n\n\n<p><em><strong>Quels sont les faits ?<\/strong><\/em><\/p>\n\n\n\n<p>En juin 2013, Les \u00c9chos publient un <a href=\"https:\/\/www.nouvelobs.com\/politique\/20240313.OBS85669\/l-affaire-dati-revelations-sur-le-business-cache-de-la-ministre-de-la-culture.html\">article <\/a>qui indique au d\u00e9tour d\u2019une phrase que Rachida Dati est consultante pour l\u2019entreprise gazi\u00e8re GDF Suez (aujourd\u2019hui nomm\u00e9e Engie). Cette information n\u2019est pas pr\u00e9sente sur sa d\u00e9claration d\u2019int\u00e9r\u00eats d\u2019euro-d\u00e9put\u00e9e car elle a seulement l\u2019obligation de mentionner son activit\u00e9 d\u2019avocate et le montant des revenus associ\u00e9s, pas le nom de ses clients. En novembre 2013, l\u2019eurod\u00e9put\u00e9e \u00e9cologiste Corinne Lepage publie un <a href=\"https:\/\/www.huffingtonpost.fr\/actualites\/article\/quelle-mouche-a-donc-pique-rachida-dati_35042.html\">billet <\/a>qui pointe du doigt une tribune pro-gaz publi\u00e9e par Rachida Dati dans Les \u00c9chos le 16 octobre 2013, et les <a href=\"https:\/\/www.nouvelobs.com\/rue89\/rue89-politique\/20131213.RUE0799\/rachida-dati-et-ses-amendements-qui-sentent-le-gaz.html\">multiples amendements et questions \u00e9crites pro-gaz<\/a> qu\u2019elle a d\u00e9pos\u00e9 au Parlement europ\u00e9en, alors m\u00eame qu\u2019il ne s\u2019agit pas de son sujet de sp\u00e9cialit\u00e9. Deux ONG bruxelloises \u00e9crivent alors une <a href=\"https:\/\/corporateeurope.org\/sites\/default\/files\/briefing_mind_the_gap_foee_ceo_lobbycontrol_130514-1.pdf\">lettre <\/a>au Pr\u00e9sident du Parlement europ\u00e9en pour lui demander de v\u00e9rifier si Rachida Dati ne se trouverait pas en situation de conflit d&#8217;int\u00e9r\u00eats en \u00e9tant r\u00e9mun\u00e9r\u00e9e par GDF-Suez.&nbsp;<\/p>\n\n\n\n<p>Le pr\u00e9sident du comit\u00e9 consultatif sur la conduite des d\u00e9put\u00e9s est saisi et il auditionne Rachida Dati en 2014. Celle-ci affirme que son travail d\u2019avocate se concentre sur les violences conjugales, l\u2019\u00e9ducation, l\u2019\u00e9galit\u00e9 hommes-femmes. Elle refuse de divulguer l\u2019identit\u00e9 de ses clients en invoquant le secret professionnel des avocats. L\u2019enqu\u00eate du Parlement ne pourra pas aller plus loin, faute de preuves et de capacit\u00e9s d\u2019investigations accrues. Rachida Dati sera tout de m\u00eame <a href=\"https:\/\/www.franceinfo.fr\/politique\/rachida-dati\/info-francetv-affaire-gdf-suez-la-ministre-rachida-dati-visee-par-une-enquete-pour-corruption-des-perquisitions-en-cours_7687633.html\">r\u00e9guli\u00e8rement interrog\u00e9e <\/a>par les m\u00e9dias ou par des juges d\u2019instruction dans les ann\u00e9es suivantes sur son \u00e9ventuelle r\u00e9mun\u00e9ration par GDF-Suez, et elle refusera \u00e0 chaque fois d\u2019y r\u00e9pondre, ou niera tout contrat avec GDF Suez. Des <a href=\"https:\/\/www.franceinfo.fr\/politique\/rachida-dati\/enquete-france-2-dati-honoraire-gdf-suez-les-troublants-paiements-recus-par-rachida-dati-d-un-cabinet-d-avocats_7291545.html\">notes <\/a>dans un cahier de son assistante saisi par la justice dans le cadre de l&#8217;affaire Renault-Nissan mentionnent pourtant <em>&#8220;GDF et Areva sont concurrents, revoir contrat derni\u00e8re page&#8221; <\/em>ou encore<em>&#8220;GDF 250&#8221;<\/em>.<\/p>\n\n\n\n<p>Surtout, en juin 2025, <a href=\"https:\/\/www.franceinfo.fr\/politique\/rachida-dati\/enquete-france-2-dati-honoraire-gdf-suez-les-troublants-paiements-recus-par-rachida-dati-d-un-cabinet-d-avocats_7291545.html\">Compl\u00e9ment d\u2019enqu\u00eate et Le Nouvel Obs<\/a> publient des documents issus d\u2019un cabinet d\u2019avocat avec lequel collaborait Rachida Dati lorsqu&#8217;elle \u00e9tait eurod\u00e9put\u00e9e. Ceux-ci d\u00e9montrent l\u2019existence de 2 paiements effectu\u00e9s en 2010 \u00e0 Rachida Dati, pour un montant total de 299 000 euros, avec l\u2019un de ces paiements d&#8217;un montant de 149 500 euros indiquant \u201c<em>DATI HONORAIRE GDF SUEZ\u201d<\/em>.&nbsp;<\/p>\n\n\n\n<p>Apr\u00e8s cette publication, le Parquet national financier saisi deux juges d\u2019instruction et la mairie et domiciles de Rachida Dati sont <a href=\"https:\/\/www.lemonde.fr\/societe\/article\/2025\/12\/18\/rachida-dati-ministre-de-la-culture-et-candidate-a-la-mairie-de-paris-fait-l-objet-de-perquisitions-dans-le-cadre-d-une-information-judiciaire-pour-corruption_6658555_3224.html\">perquisitionn\u00e9s <\/a>le 18 d\u00e9cembre 2025. Une information judiciaire est ouverte pour &#8220;corruption active et passive&#8221;, &#8220;trafic d&#8217;influence&#8221;, &#8220;d\u00e9tournement de fonds publics&#8221;, &#8220;recel&#8221; et &#8220;blanchiment de ces d\u00e9lits en lien avec l&#8217;exercice du mandat de parlementaire europ\u00e9en&#8221;, et elle est toujours en cours avant un \u00e9ventuel renvoi en proc\u00e8s.<\/p>\n\n\n\n<p><em><strong>Pourquoi \u00e7a pose probl\u00e8me ?<\/strong><\/em><\/p>\n\n\n\n<p>Si la r\u00e9mun\u00e9ration de 300 000 euros par GDF-Suez \u00e9tait confirm\u00e9e, elle pourrait constituer une faute \u00e0 deux niveaux. D\u2019abord, le <a href=\"https:\/\/www.europarl.europa.eu\/pdf\/meps\/Code_of_Conduct_FR.pdf\">Code de conduite des eurod\u00e9put\u00e9s<\/a> leur interdit de se retrouver en situation de conflit d&#8217;int\u00e9r\u00eat entre leurs activit\u00e9s priv\u00e9es, et les activit\u00e9s qu\u2019ils peuvent mener dans le cadre de leur mandat. C\u2019est ce qui a conduit \u00e0 l\u2019audition de Rachida Dati par le comit\u00e9 \u00e9thique du Parlement europ\u00e9en en 2014. Mais Rachida Dati n\u2019\u00e9tant plus eurod\u00e9put\u00e9e aujourd\u2019hui, elle ne peut plus \u00eatre sanctionn\u00e9e \u00e0 ce titre.&nbsp;<\/p>\n\n\n\n<p>Le niveau de faute le plus grave rel\u00e8ve du Code p\u00e9nal et fait l\u2019objet aujourd\u2019hui d\u2019une information judiciaire par la justice fran\u00e7aise. Les responsables publics n\u2019ont en effet pas le droit de recevoir un avantage quelconque, comme une r\u00e9mun\u00e9ration par exemple, en l\u2019\u00e9change d\u2019un acte relevant de leur mandat public. C\u2019est le <a href=\"https:\/\/www.legifrance.gouv.fr\/codes\/id\/LEGISCTA000006181763\">d\u00e9lit p\u00e9nal de corruption<\/a>. Les responsables publics ne peuvent pas non plus \u00eatre r\u00e9mun\u00e9r\u00e9s par un tiers pour faire usage de leur influence r\u00e9elle ou suppos\u00e9e aupr\u00e8s d\u2019un autre responsable public pour obtenir une d\u00e9cision publique indue. C\u2019est le <a href=\"https:\/\/www.legifrance.gouv.fr\/codes\/id\/LEGISCTA000006181763\">d\u00e9lit p\u00e9nal de trafic d\u2019influence<\/a>. Enfin, les parlementaires ne peuvent pas faire travailler leurs assistants parlementaires, r\u00e9mun\u00e9r\u00e9s par de l\u2019argent public, sur leurs activit\u00e9s priv\u00e9es. C\u2019est le <a href=\"https:\/\/www.legifrance.gouv.fr\/codes\/article_lc\/LEGIARTI000042780068\">d\u00e9lit p\u00e9nal de d\u00e9tournement de fonds publics<\/a>. Tous ces d\u00e9lits peuvent faire l\u2019objet d\u2019une amende pouvant aller jusqu\u2019\u00e0 1 000 000 d\u2019euros et 10 ans d\u2019emprisonnement, soit le niveau de peine le plus lourd possible pour un d\u00e9lit, ce qui en indique clairement la gravit\u00e9 (au-del\u00e0 l\u2019infraction devient un crime).<\/p>\n\n\n\n<hr class=\"wp-block-separator has-alpha-channel-opacity\"\/>\n<\/div><\/div>\n\n\n\n<div class=\"wp-block-group\"><div class=\"wp-block-group__inner-container is-layout-constrained wp-block-group-is-layout-constrained\">\n<h2 class=\"wp-block-heading\"><span class=\"ez-toc-section\" id=\"Potentielle_corruption_par_le_Qatar\"><\/span><strong>Potentielle corruption par le Qatar<\/strong><span class=\"ez-toc-section-end\"><\/span><\/h2>\n\n\n\n<p><em><strong>Quels sont les faits ?<\/strong><\/em><\/p>\n\n\n\n<p>En 2024, <a href=\"https:\/\/www.nouvelobs.com\/politique\/20240313.OBS85669\/l-affaire-dati-revelations-sur-le-business-cache-de-la-ministre-de-la-culture.html\">Le Nouvel Obs r\u00e9v\u00e8le<\/a> qu\u2019un des premiers contrats conclu par Rachida Dati en 2009, alors qu\u2019elle vient d\u2019\u00eatre \u00e9lue eurod\u00e9put\u00e9e, est un contrat avec l\u2019entreprise AlphaOne Partners, fond\u00e9e par le gestionnaire de grandes fortunes Nicolas Sarkis. Celui-ci sera auditionn\u00e9 des ann\u00e9es plus tard par la justice fran\u00e7aise et il indiquera <a href=\"https:\/\/www.lemonde.fr\/societe\/article\/2025\/12\/18\/rachida-dati-ministre-de-la-culture-et-candidate-a-la-mairie-de-paris-fait-l-objet-de-perquisitions-dans-le-cadre-d-une-information-judiciaire-pour-corruption_6658555_3224.html\">d\u2019apr\u00e8s Le Monde<\/a> avoir r\u00e9mun\u00e9r\u00e9 Rachida Dati <em>\u00ab 300 000 euros de septembre 2012 \u00e0 mars 2014 \u00bb<\/em> et <em>\u00ab 100 000 euros par an de 2010 \u00e0 2018, dans le cadre d\u2019un forfait annuel de conseil juridique \u00bb.<\/em><\/p>\n\n\n\n<p>Or, en 2017, la journaliste <a href=\"https:\/\/www.fayard.fr\/livre\/la-republique-francaise-du-qatar-9782213702285\/\">B\u00e9reng\u00e8re Bonte avait r\u00e9v\u00e9l\u00e9 dans son livre-enqu\u00eate<\/a> \u201cLa R\u00e9publique Fran\u00e7aise du Qatar\u201d que Rachida Dati a sollicit\u00e9 en 2016 \u00e0 deux reprises un virement de 400 000 euros \u00e0 des repr\u00e9sentants du Qatar pour financer un \u201cun club des ambassadeurs des pays du Golfe\u201d qu\u2019elle venait juste de cr\u00e9er. Une soci\u00e9t\u00e9 bas\u00e9e au Luxembourg nomm\u00e9e AlphaOne Energy II, et justement li\u00e9e \u00e0 Nicolas Sarkis, devait recueillir ces fonds. Les propositions sont rejet\u00e9es par l\u2019ambassadeur du Qatar, puis par le minist\u00e8re des affaires \u00e9trang\u00e8res du Qatar qui ont \u00e9t\u00e9 personnellement d\u00e9march\u00e9s par Rachida Dati.&nbsp;<\/p>\n\n\n\n<p>Par ailleurs, en 2024 <a href=\"https:\/\/www.blast-info.fr\/articles\/2024\/exclu-blast-rachida-dati-la-plume-au-service-secret-du-qatar-jjxMjmNlQZmSY4G8CRBInQ\">Blast publie plusieurs documents de travail<\/a> r\u00e9dig\u00e9s par des assistants parlementaires de Rachida Dati lorsqu\u2019elle \u00e9tait eurod\u00e9put\u00e9e, portant sur des sujets en lien avec le Qatar et destin\u00e9s \u00e0 Ali bin Samikh Al Marri, ministre du travail du Qatar <a href=\"https:\/\/www.lemonde.fr\/international\/article\/2023\/05\/31\/quatargate-la-presence-du-ministre-du-travail-qatari-jette-le-trouble-a-la-conference-de-l-organisation-internationale-du-travail_6175619_3210.html\">soup\u00e7onn\u00e9 <\/a>par la justice Belge d\u2019avoir \u00e9t\u00e9 impliqu\u00e9 dans la potentielle corruption d\u2019une vice-pr\u00e9sidente du Parlement europ\u00e9en dans le cadre de l\u2019affaire du Qatargate.<\/p>\n\n\n\n<p>Ces liens avec le Qatar ont conduit <a href=\"https:\/\/www.lemonde.fr\/societe\/article\/2025\/12\/18\/rachida-dati-ministre-de-la-culture-et-candidate-a-la-mairie-de-paris-fait-l-objet-de-perquisitions-dans-le-cadre-d-une-information-judiciaire-pour-corruption_6658555_3224.html\">d\u2019apr\u00e8s Le Monde<\/a> \u00e0 l\u2019ouverture d\u2019une enqu\u00eate pr\u00e9liminaire par le Parquet national financier (PNF) en avril 2025 pour d\u00e9lits de corruption active et passive, trafic d\u2019influence, d\u00e9tournement de fonds, et recel et blanchiment de ces d\u00e9lits. Cette enqu\u00eate a ensuite \u00e9t\u00e9 confi\u00e9e \u00e0 des juges d\u2019instruction par le PNF en octobre 2025, qui ont perquisitionn\u00e9 le domicile de Rachida Dati le 18 d\u00e9cembre 2025.<\/p>\n\n\n\n<p><em><strong>Pourquoi \u00e7a pose probl\u00e8me ?<\/strong><\/em><\/p>\n\n\n\n<p>Les eurod\u00e9put\u00e9s ont le droit d\u2019exercer des activit\u00e9s professionnelles annexes en parall\u00e8le de leur mandat, \u00e0 condition qu\u2019ils les d\u00e9clarent dans leur d\u00e9claration d\u2019int\u00e9r\u00eats (sans que les avocats aient l\u2019obligation de d\u00e9clarer l\u2019identit\u00e9 de leurs clients). Cependant, ils ne peuvent en aucun cas vendre leurs d\u00e9cisions publiques, ou leur influence aupr\u00e8s d\u2019autres responsables publics \u00e0 leur employeur priv\u00e9 contre de l\u2019argent, car cela pourrait relever du <a href=\"https:\/\/www.legifrance.gouv.fr\/codes\/article_lc\/LEGIARTI000042780049\">d\u00e9lit p\u00e9nal de corruption ou de trafic d\u2019influence<\/a>. L\u2019ouverture d\u2019une information judiciaire, et les perquisitions qui ont suivi, montrent que la justice soup\u00e7onne Rachida Dati d\u2019avoir commis ces d\u00e9lits.<\/p>\n\n\n\n<p>Le Qatar est un <a href=\"https:\/\/freedomhouse.org\/country\/qatar\">\u00e9tat autoritaire<\/a>, d\u00e9j\u00e0 impliqu\u00e9 dans plusieurs affaires de corruption de responsables publics afin de blanchir son image, d&#8217;accueillir des \u00e9v\u00e8nements internationaux sur son territoire ou vendre son p\u00e9trole et son gaz. Notamment, de graves accusations visent le Qatar pour la possible corruption de responsables publics europ\u00e9ens dans le cadre de l\u2019affaire du \u201c<a href=\"https:\/\/fr.wikipedia.org\/wiki\/Scandale_de_corruption_par_le_Qatar_au_Parlement_europ%C3%A9en\">Qatargate<\/a>\u201d qui \u00e9clate en 2022. Une ex vice-pr\u00e9sidente du Parlement europ\u00e9en y est soup\u00e7onn\u00e9e d\u2019avoir \u00e9t\u00e9 r\u00e9mun\u00e9r\u00e9e plusieurs centaines de milliers d\u2019euros en liquide pour des prises de position en faveur du Qatar. En France, un ancien d\u00e9put\u00e9 a \u00e9t\u00e9 \u00e9galement <a href=\"https:\/\/www.lemonde.fr\/pixels\/article\/2024\/12\/06\/ingerences-etrangeres-comment-des-deputes-ont-ete-instrumentalises-pour-soutenir-le-qatar_6433755_4408996.html\">mis en examen en 2024<\/a> pour \u201ccorruption\u201d par le Qatar. Ces deux responsables publics b\u00e9n\u00e9ficient \u00e9galement de la pr\u00e9somption d&#8217;innocence, mais contrairement \u00e0 Rachida Dati ils ont perdu tout soutien politique d\u00e8s la r\u00e9v\u00e9lation m\u00e9diatique d&#8217;accusations de corruption par le Qatar.<\/p>\n\n\n\n<hr class=\"wp-block-separator has-alpha-channel-opacity\"\/>\n<\/div><\/div>\n\n\n\n<div class=\"wp-block-group\"><div class=\"wp-block-group__inner-container is-layout-constrained wp-block-group-is-layout-constrained\">\n<h2 class=\"wp-block-heading\"><span class=\"ez-toc-section\" id=\"Possible_complicite_dans_la_detention_illegale_dun_francais_au_Qatar\"><\/span><strong>Possible complicit\u00e9 dans la d\u00e9tention ill\u00e9gale d\u2019un fran\u00e7ais au Qatar<\/strong><span class=\"ez-toc-section-end\"><\/span><\/h2>\n\n\n\n<p><em><strong>Quels sont les faits ?<\/strong><\/em><\/p>\n\n\n\n<p>Le 13 janvier 2020, l\u2019homme d&#8217;affaires franco-alg\u00e9rien Tayeb Benabderrahmane est arr\u00eat\u00e9 au Qatar. Il pr\u00e9tend \u00eatre en possession d\u2019\u00e9l\u00e9ments compromettants pour Nasser al-Khela\u00effi, pr\u00e9sident du PSG disposant d\u2019un statut de ministre au sein du gouvernement qatari. Pour faire lib\u00e9rer son mari, la femme de Tayeb Benabderrahmane contacte des avocats en France et est mise en relation avec Rachida Dati qui lui sugg\u00e8re de prendre pour avocat Olivier Pardo, par qui Rachida Dati est d\u00e9j\u00e0 d\u00e9fendue dans l\u2019affaire Renault.<\/p>\n\n\n\n<p>Le 31 octobre 2020, Tayeb Benabderrahmane est finalement lib\u00e9r\u00e9 mais apr\u00e8s avoir \u00e9t\u00e9 contraint de signer un accord avec les autorit\u00e9s qataries en \u00e9change de la remise des documents compromettant sur Nasser al-Khela\u00effi qu\u2019il pr\u00e9tend poss\u00e9der. Une p\u00e9nalit\u00e9 de 5 millions d\u2019euros est pr\u00e9vue dans cet accord s\u2019il venait \u00e0 en rompre la confidentialit\u00e9.<\/p>\n\n\n\n<p>Un an apr\u00e8s sa lib\u00e9ration, en 2021, <a href=\"https:\/\/www.liberation.fr\/societe\/police-justice\/detention-dun-consultant-franco-algerien-au-qatar-le-role-trouble-de-lavocate-rachida-dati-20221005_PM6XZGHGGRC2NET2MXB6CFTWIE\/?redirected=6691\">Lib\u00e9ration r\u00e9v\u00e8le <\/a>que Tayeb Benabderrahmane accuse Rachida Dati et Olivier Pardo, de l\u2019avoir trahi afin d\u2019\u00eatre r\u00e9mun\u00e9r\u00e9s par le Qatar, et de l\u2019avoir fortement incit\u00e9 \u00e0 signer cet accord le contraignant au silence en l\u2019\u00e9change de sa lib\u00e9ration. Il d\u00e9pose plainte, et le 27 juin 2023, <a href=\"https:\/\/www.lemonde.fr\/societe\/article\/2023\/06\/27\/sequestration-presumee-d-un-lobbyiste-au-qatar-le-role-presume-de-rachida-dati-et-francis-szpiner-en-question_6179486_3224.html\">Le Monde r\u00e9v\u00e8le<\/a> que la police fran\u00e7aise perquisitionne l\u2019h\u00f4tel de ville du 7<sup>e<\/sup> arrondissement dont Rachida Dati est maire, ainsi que la cabinet de l\u2019avocat Olivier Pardo. Cette perquisition s\u2019inscrit dans le cadre d\u2019une information judiciaire ouverte pour des faits pr\u00e9sum\u00e9s d\u2019\u00ab enl\u00e8vement, de s\u00e9questration avec torture et d\u2019actes de barbarie, d\u2019association de malfaiteurs et extorsion en bande organis\u00e9e \u00bb.&nbsp;<\/p>\n\n\n\n<p><em><strong>Pourquoi \u00e7a pose probl\u00e8me ?<\/strong><\/em><\/p>\n\n\n\n<p>La justice fran\u00e7aise soup\u00e7onne que le d\u00e9tention de Tayeb Benabderrahmane au Qatar constitue en r\u00e9alit\u00e9 une s\u00e9questration ill\u00e9gale avec torture et actes de barbarie sur un citoyen fran\u00e7ais, ce qui constituerait un crime : le niveau d\u2019infraction le plus grave possible en droit fran\u00e7ais. Dans ce contexte, ses avocats qui ont une obligation d\u00e9ontologique de loyaut\u00e9 envers leurs clients auraient d\u00fb avertir les autorit\u00e9s fran\u00e7aises. La d\u00e9ontologie interdit \u00e9galement aux avocats de travailler pour des clients aux int\u00e9r\u00eats oppos\u00e9s en m\u00eame temps. Si Rachida Dati agissait comme avocate de Tayeb Benabderrahmane tout en conseillant en parall\u00e8le le Qatar, comme celui-ci l\u2019affirme, elle aurait alors pu commettre une faute d\u00e9ontologique en tant qu\u2019avocate, et une faute p\u00e9nale vis-\u00e0 -vis d\u2019un justiciable fran\u00e7ais en danger.&nbsp;<\/p>\n\n\n\n<hr class=\"wp-block-separator has-alpha-channel-opacity\"\/>\n<\/div><\/div>\n\n\n\n<div class=\"wp-block-group\"><div class=\"wp-block-group__inner-container is-layout-constrained wp-block-group-is-layout-constrained\">\n<h2 class=\"wp-block-heading\"><span class=\"ez-toc-section\" id=\"Possible_corruption_par_lAzerbaidjan\"><\/span><strong>Possible corruption par l\u2019Azerba\u00efdjan<\/strong><span class=\"ez-toc-section-end\"><\/span><\/h2>\n\n\n\n<p><strong><em>Quels sont les faits ?<\/em><\/strong><\/p>\n\n\n\n<p>Le <a href=\"https:\/\/www.marianne.net\/agora\/tribunes-libres\/les-troublants-rapports-de-rachida-dati-avec-l-azerbaidjan\">15 septembre 2011<\/a>, Rachida Dati co-pr\u00e9side en tant que maire du 7\u00e8me arrondissement une soir\u00e9e en l\u2019honneur de l\u2019\u00e9pouse du dirigeant autoritaire de l&#8217;Azerba\u00efdjan. Le lendemain, elle organise en tant qu\u2019eurod\u00e9put\u00e9e une conf\u00e9rence au Parlement europ\u00e9en vantant le r\u00f4le de l&#8217;Azerba\u00efdjan dans l\u2019apprivoisement \u00e9nerg\u00e9tique de l\u2019UE, en pr\u00e9sence du ministre de l\u2019Energie az\u00e9ri et du vice-pr\u00e9sident de la Socar, l\u2019entreprise publique az\u00e9ri d\u2019extraction de gaz et p\u00e9trole. Au-del\u00e0 de ces \u00e9v\u00e8nements, Rachida Dati multipliera durant des ann\u00e9es les <a href=\"https:\/\/www.lemonde.fr\/culture\/article\/2025\/07\/03\/rachida-dati-perd-son-proces-en-diffamation-contre-aurelie-filippetti_6617704_3246.html\">prises de position publiques favorables<\/a>, et les <a href=\"https:\/\/www.liberation.fr\/politique\/liens-encombrants-avec-lazerbaidjan-rachida-dati-rattrapee-par-le-caviar-de-bakou-20240125_AIX43SFHDBB4FB23RIW3TW2V2Y\/?redirected=5802\">voyages <\/a>en Azerba\u00efdjan. Et surtout, dans le cadre de son mandat d\u2019eurod\u00e9put\u00e9e, Rachida Dati d\u00e9pose un <a href=\"https:\/\/www.nouvelobs.com\/politique\/20240619.OBS89992\/affaire-rachida-dati-l-histoire-secrete-de-l-enquete-enterree-du-parlement-europeen.html\">grand nombre d\u2019amendements favorables aux int\u00e9r\u00eats p\u00e9tro-gaziers<\/a> dont l&#8217;Azerba\u00efdjan tire une grande partie de ses revenus. Notamment sur la \u00ab <a href=\"https:\/\/eur-lex.europa.eu\/LexUriServ\/LexUriServ.do?uri=COM:2011:0885:FIN:fr:PDF\">feuille de route de l\u2019UE pour l\u2019\u00e9nergie \u00e0 l\u2019horizon 2050<\/a> \u00bb, o\u00f9 elle ajoute qu\u2019il faut mieux coop\u00e9rer avec les pays du Caucase, dont fait partie l\u2019Azerba\u00efdjan.<\/p>\n\n\n\n<p>En 2019, dans le cadre de l\u2019enqu\u00eate sur l\u2019affaire Renault, la justice d\u00e9couvre des \u00e9l\u00e9ments pouvant laisser penser que l\u2019Azerba\u00efdjan a \u00e9galement r\u00e9mun\u00e9r\u00e9 Rachida Dati en tant qu\u2019avocate. Le <a href=\"https:\/\/www.nouvelobs.com\/politique\/20240313.OBS85669\/l-affaire-dati-revelations-sur-le-business-cache-de-la-ministre-de-la-culture.html\">Nouvel Obs en r\u00e9v\u00e8le le contenu<\/a> : dans un cahier d&#8217;une assistante de Rachida Dati, il est mentionn\u00e9 \u201c<em>Dossier Sarkis : &#8211; GDF Suez &#8211; Total &#8211; Socar PK tel le 3\/10\/2011\u201d<\/em>. Nicolas Sarkis est un conseiller en gestion de patrimoine, <a href=\"https:\/\/www.huffingtonpost.co.uk\/raconteur-media\/the-azeri-miracle_b_1974142.html\">soutien de l&#8217;Azerba\u00efdjan<\/a>, sp\u00e9cialiste des \u00e9nergies fossiles et propri\u00e9taire de l\u2019entreprise Alpha One Partners qui a r\u00e9mun\u00e9r\u00e9 Rachida Dati pour un total de <a href=\"https:\/\/www.lemonde.fr\/societe\/article\/2025\/12\/18\/rachida-dati-ministre-de-la-culture-et-candidate-a-la-mairie-de-paris-fait-l-objet-de-perquisitions-dans-le-cadre-d-une-information-judiciaire-pour-corruption_6658555_3224.html\">pr\u00e8s d\u2019un million d\u2019euros entre 2012 et 2018<\/a>. Or, en 2011, les 3 entreprises mentionn\u00e9es dans cette note se sont associ\u00e9es pour explorer un champ gazier situ\u00e9 en Azerba\u00efdjan.&nbsp;<\/p>\n\n\n\n<p>Ces \u00e9l\u00e9ments justifient l\u2019ouverture d\u2019une information judiciaire par le Parquet national financier le 14 octobre 2025, pour corruption active et passive, trafic d\u2019influence, d\u00e9tournement de fonds, et recel et blanchiment de ces d\u00e9lits. Dans ce cadre, la mairie du 7\u00e8me arrondissement et le domicile de Rachida Dati seront <a href=\"https:\/\/www.lemonde.fr\/societe\/article\/2025\/12\/18\/rachida-dati-ministre-de-la-culture-et-candidate-a-la-mairie-de-paris-fait-l-objet-de-perquisitions-dans-le-cadre-d-une-information-judiciaire-pour-corruption_6658555_3224.html\">perquisitionn\u00e9s le 18 d\u00e9cembre 2025<\/a>.&nbsp;&nbsp;<\/p>\n\n\n\n<p><em><strong>Pourquoi \u00e7a pose probl\u00e8me ?<\/strong><\/em><\/p>\n\n\n\n<p>Les eurod\u00e9put\u00e9s ont le droit d\u2019exercer des activit\u00e9s professionnelles annexes en parall\u00e8le de leur mandat, \u00e0 condition qu\u2019ils les d\u00e9clarent dans leur d\u00e9claration d\u2019int\u00e9r\u00eats (sans que les avocats aient l\u2019obligation de d\u00e9clarer l\u2019identit\u00e9 de leurs clients). Cependant, ils ne peuvent en aucun cas vendre leurs d\u00e9cisions publiques, ou leur influence aupr\u00e8s d\u2019autres responsables publics \u00e0 leurs employeurs contre de l\u2019argent, car cela pourrait relever du <a href=\"https:\/\/www.legifrance.gouv.fr\/codes\/article_lc\/LEGIARTI000042780049\">d\u00e9lit p\u00e9nal de corruption ou de trafic d\u2019influence<\/a>. L\u2019ouverture d\u2019une information judiciaire, et les perquisitions qui ont suivi, montrent que la justice soup\u00e7onne Rachida Dati d\u2019avoir commis ces d\u00e9lits.<\/p>\n\n\n\n<p>L\u2019Azerba\u00efdjan est un <a href=\"https:\/\/freedomhouse.org\/country\/azerbaijan\">\u00c9tat autoritaire<\/a>, impliqu\u00e9 dans de multiples cas de corruption de responsables publics \u00e0 travers le monde pour blanchir son image et vendre son p\u00e9trole et son gaz. Ces pratiques ont \u00e9t\u00e9 nomm\u00e9es \u201cdiplomatie du caviar\u201d et \u00e9clair\u00e9es par <a href=\"https:\/\/www.lemonde.fr\/asie-pacifique\/article\/2017\/09\/04\/diplomatie-du-caviar-comment-l-azerbaidjan-s-offre-l-amitie-de-responsable-politiques-europeens_5180962_3216.html\">une enqu\u00eate publi\u00e9e en 2017<\/a> par un consortium de journalistes.&nbsp;<\/p>\n\n\n\n<hr class=\"wp-block-separator has-alpha-channel-opacity\"\/>\n<\/div><\/div>\n\n\n\n<div class=\"wp-block-group\"><div class=\"wp-block-group__inner-container is-layout-constrained wp-block-group-is-layout-constrained\">\n<h2 class=\"wp-block-heading\"><span class=\"ez-toc-section\" id=\"Potentielle_corruption_par_Orange\"><\/span><strong>Potentielle corruption par Orange<\/strong><span class=\"ez-toc-section-end\"><\/span><\/h2>\n\n\n\n<p><em><strong>Quels sont les faits ?<\/strong><\/em><\/p>\n\n\n\n<p>En 2024, <a href=\"https:\/\/www.liberation.fr\/societe\/police-justice\/de-laffaire-renault-au-contrat-orange-rachida-dati-une-ministre-pas-tiree-daffaires-20240422_LH2THSF7VFHVNPKNBBZQUY4ZBM\/?redirected=1225\">Lib\u00e9ration r\u00e9v\u00e8le<\/a> que Rachida Dati a sign\u00e9 en 2010, alors qu\u2019elle \u00e9tait eurod\u00e9put\u00e9e, un contrat en tant qu\u2019avocate avec l\u2019entreprise de t\u00e9l\u00e9communications Orange. Ce contrat est r\u00e9mun\u00e9r\u00e9 \u00e0 100 000 euros par an, et il sera reconduit jusqu\u2019en 2018, ce qui permettra \u00e0 Rachida Dati de toucher un total de 800 000 euros. L\u2019identit\u00e9 de ce client n\u2019est pas mentionn\u00e9e dans la d\u00e9claration d\u2019int\u00e9r\u00eats de Rachida Dati, car la loi ne rend pas obligatoire pour les avocats la d\u00e9claration de l\u2019identit\u00e9 de leurs clients.<\/p>\n\n\n\n<p>Cette r\u00e9mun\u00e9ration fait l\u2019objet d\u2019une information judiciaire ouverte en octobre 2025 pour corruption active et passive, trafic d\u2019influence, d\u00e9tournement de fonds, et recel et blanchiment de ces d\u00e9lits. En effet, <a href=\"https:\/\/www.lemonde.fr\/societe\/article\/2025\/12\/18\/rachida-dati-ministre-de-la-culture-et-candidate-a-la-mairie-de-paris-fait-l-objet-de-perquisitions-dans-le-cadre-d-une-information-judiciaire-pour-corruption_6658555_3224.html\">selon Le Monde<\/a>, cette nouvelle information judiciaire ouverte en 2025 &#8220;<em>concerne les activit\u00e9s et les r\u00e9mun\u00e9rations de M<sup>me<\/sup>&nbsp;Dati alors qu\u2019elle \u00e9tait d\u00e9put\u00e9e europ\u00e9enne (2009-2019) \u2013 en dehors de celles en lien avec Renault-Nissan et son ex-PDG Carlos Ghosn<\/em>&#8220;. Le domicile et les bureaux au minist\u00e8re de la culture et \u00e0 la mairie du 7\u00e8me arrondissement <a href=\"https:\/\/www.lemonde.fr\/societe\/article\/2025\/12\/18\/rachida-dati-ministre-de-la-culture-et-candidate-a-la-mairie-de-paris-fait-l-objet-de-perquisitions-dans-le-cadre-d-une-information-judiciaire-pour-corruption_6658555_3224.html\">ont \u00e9t\u00e9 perquisitionn\u00e9s<\/a> dans ce cadre le 18 d\u00e9cembre 2025.&nbsp;<\/p>\n\n\n\n<p><em><strong>Pourquoi \u00e7a pose probl\u00e8me ?<\/strong><\/em><\/p>\n\n\n\n<p>Il est d&#8217;abord possible que le cumul d\u2019une activit\u00e9 de conseil r\u00e9mun\u00e9r\u00e9e pour Orange avec l\u2019ancien mandat d\u2019eurod\u00e9put\u00e9e de Rachida Dati ait \u00e9t\u00e9 ill\u00e9gal. Les parlementaires ont en effet <a href=\"https:\/\/www.legifrance.gouv.fr\/codes\/article_lc\/LEGIARTI000035586124\">l\u2019interdiction d\u2019exercer des activit\u00e9s de conseil pour une entreprise<\/a> \u201c<em>jouissant, sous forme de garanties d&#8217;int\u00e9r\u00eats, de subventions ou, sous forme \u00e9quivalente, d&#8217;avantages assur\u00e9s par l\u2019\u00c9tat<\/em>\u201d. N\u00e9anmoins, cette incompatibilit\u00e9 est pr\u00e9vue par le Code \u00e9lectoral et pas par le Code p\u00e9nal et elle ne peut donc pas faire l\u2019objet d\u2019une sanction a posteriori, une fois que le mandat est termin\u00e9.<\/p>\n\n\n\n<p>Les manquements qui peuvent toujours faire l\u2019objet d\u2019une sanction aujourd\u2019hui en lien avec ce contrat pour Orange rel\u00e8vent du Code p\u00e9nal. En effet, les eurod\u00e9put\u00e9s ont le droit d\u2019exercer des activit\u00e9s professionnelles annexes en parall\u00e8le de leur mandat, \u00e0 condition qu\u2019ils les d\u00e9clarent dans leur d\u00e9claration d\u2019int\u00e9r\u00eats (sans que les avocats aient l\u2019obligation de d\u00e9clarer l\u2019identit\u00e9 de leurs clients). Cependant, ils ne peuvent en aucun cas vendre leurs d\u00e9cisions publiques, ou leur influence aupr\u00e8s d\u2019autres responsables publics \u00e0 leurs employeurs priv\u00e9s contre de l\u2019argent, car cela pourrait relever du <a href=\"https:\/\/www.legifrance.gouv.fr\/codes\/article_lc\/LEGIARTI000042780049\">d\u00e9lit p\u00e9nal de corruption ou de trafic d\u2019influence<\/a>. L\u2019ouverture d\u2019une information judiciaire, et les perquisitions qui ont suivi, montrent que la justice soup\u00e7onne Rachida Dati d\u2019avoir commis ces d\u00e9lits.<\/p>\n\n\n\n<hr class=\"wp-block-separator has-alpha-channel-opacity\"\/>\n<\/div><\/div>\n\n\n\n<div class=\"wp-block-group\"><div class=\"wp-block-group__inner-container is-layout-constrained wp-block-group-is-layout-constrained\">\n<h2 class=\"wp-block-heading\"><span class=\"ez-toc-section\" id=\"Bijoux_potentiellement_non_declares_a_la_Haute_autorite_pour_la_transparence_de_la_vie_publique\"><\/span><strong>Bijoux potentiellement non d\u00e9clar\u00e9s \u00e0 la Haute autorit\u00e9 pour la transparence de la vie publique<\/strong><span class=\"ez-toc-section-end\"><\/span><\/h2>\n\n\n\n<p><em><strong>Quels sont les faits ?<\/strong><\/em><\/p>\n\n\n\n<p>En avril 2025, Lib\u00e9ration r\u00e9v\u00e8le que Rachida Dati pourrait avoir omis de d\u00e9clarer des bijoux qu\u2019elle poss\u00e8derait \u00e0 la Haute autorit\u00e9 pour la transparence de la vie publique. 19 bijoux pourraient avoir \u00e9t\u00e9 d\u00e9tenus depuis 2017, pour un montant total de 420 000 euros, la plupart lui ayant \u00e9t\u00e9 offerts par l\u2019homme d\u2019affaires Henri Proglio, ancien PDG d\u2019EDF et de Veolia.<\/p>\n\n\n\n<p><br>En septembre 2025, <a href=\"https:\/\/www.blast-info.fr\/articles\/2025\/exclu-blast-les-factures-qui-prouvent-que-rachida-dati-dissimule-plus-de-600-000-euros-de-bijoux-j4JeN4vETEmu9KuwBzVqiA\">Blast publie<\/a> des factures de bijoux r\u00e9gl\u00e9es par Henri Proglio, et des photos identifiant Rachida Dati portant certains de ces bijoux, pour un montant total estim\u00e9 \u00e0 600 000 euros.<\/p>\n\n\n\n<p>Quelques jours apr\u00e8s cette publication, le parquet de Paris <a href=\"https:\/\/www.lemonde.fr\/politique\/article\/2025\/09\/16\/rachida-dati-visee-par-une-enquete-pour-non-declaration-de-bijoux-a-la-haute-autorite-de-la-transparence-de-la-vie-publique_6641391_823448.html\">annonce<\/a> l\u2019ouverture d\u2019une enqu\u00eate pr\u00e9liminaire pour potentiel d\u00e9lit d\u2019omission de d\u00e9claration de patrimoine \u00e0 la Haute autorit\u00e9 pour la transparence de la vie publique. Cette enqu\u00eate est toujours en cours.<\/p>\n\n\n\n<p><em><strong>Pourquoi \u00e7a pose probl\u00e8me ?<\/strong><\/em><\/p>\n\n\n\n<p>La <a href=\"https:\/\/www.legifrance.gouv.fr\/loda\/id\/LEGISCTA000028057469\">loi <\/a>impose aux membres du gouvernement de mentionner dans leur d\u00e9claration publique de patrimoine les biens d\u2019une valeur sup\u00e9rieure \u00e0 10 000 euros. Cette d\u00e9claration a pour objectif de permettre de d\u00e9tecter les enrichissements suspects, pour s\u2019assurer qu\u2019un responsable public n\u2019a pas b\u00e9n\u00e9fici\u00e9 de cadeaux qui pourraient s\u2019apparenter \u00e0 des pots-de-vin offerts pour les corrompre. Le non-respect de cette obligation de d\u00e9claration est un <a href=\"https:\/\/www.legifrance.gouv.fr\/codes\/article_lc\/LEGIARTI000044427837\/2022-03-01\">d\u00e9lit p\u00e9nal<\/a> qui peut entra\u00eener une peine d\u2019amende (jusqu\u2019\u00e0 45 000 euros), de prison (jusqu\u2019\u00e0 3 ans) et d\u2019in\u00e9ligibilit\u00e9 (jusqu&#8217;\u00e0 10 ans).<\/p>\n\n\n\n<hr class=\"wp-block-separator has-alpha-channel-opacity\"\/>\n<\/div><\/div>\n\n\n\n<div class=\"wp-block-group\"><div class=\"wp-block-group__inner-container is-layout-constrained wp-block-group-is-layout-constrained\">\n<h2 class=\"wp-block-heading\"><span class=\"ez-toc-section\" id=\"Recours_systematique_a_des_procedures-baillons_pour_faire_taire_toute_evocation_de_ses_affaires\"><\/span><strong>Recours syst\u00e9matique \u00e0 des proc\u00e9dures-baillons pour faire taire toute \u00e9vocation de ses affaires<\/strong><span class=\"ez-toc-section-end\"><\/span><\/h2>\n\n\n\n<p><em><strong>Quels sont les faits ?<\/strong><\/em><\/p>\n\n\n\n<p>Rachida Dati poursuit r\u00e9guli\u00e8rement en justice&nbsp;pour diffamation, ou menace de le faire, les journalistes, politiques, lanceurs d\u2019alerte et m\u00eame simples citoyens qui \u00e9voquent publiquement les accusations qui la visent. Ces plaintes n\u2019aboutissent quasiment jamais. En voici une liste non exhaustive :&nbsp;<\/p>\n\n\n\n<ul class=\"wp-block-list\">\n<li>En 2008, un avocat r\u00e9unionnais \u00e9voque le faux CV produit par Rachida Dati pour entrer \u00e0 l\u2019\u00c9cole nationale de la magistrature, <a href=\"https:\/\/www.lemonde.fr\/societe\/article\/2008\/09\/18\/un-avocat-poursuivi-pour-crime-de-lese-dati_1096626_3224.html\">il est vis\u00e9 par une plainte<\/a> en diffamation de Rachida Dati alors ministre de la Justice. Les poursuites seront jug\u00e9es irrecevables par la justice.<\/li>\n\n\n\n<li>En 2016, la journaliste B\u00e9reng\u00e8re Bonte qui enqu\u00eate sur les liens entre le Qatar et Rachida Dati <a href=\"https:\/\/www.lecanardenchaine.fr\/politique\/307-rachida-dati-la-dame-daffaires\">re\u00e7oit un appel t\u00e9l\u00e9phonique<\/a> de cette derni\u00e8re qui lui dit \u201c<em>Eh bien, on se retrouvera au tribunal\u201d.<\/em> La plainte en diffamation ne sera finalement jamais d\u00e9pos\u00e9e malgr\u00e9 la publication du livre de la journaliste.<\/li>\n\n\n\n<li>En 2019, Rachida Dati <a href=\"https:\/\/www.lavoixdunord.fr\/594002\/article\/2019-06-05\/rachida-dati-visee-par-une-plainte-attaque-en-diffamation-et-denonciation\">annonce attaquer en justice<\/a> pour d\u00e9nonciation et diffamation l&#8217;actionnaire de Renault, ainsi que son avocat, qui avait lanc\u00e9 l&#8217;alerte sur ses contrats avec Renault-Nissan. En 2020, elle finit par <a href=\"https:\/\/www.lavoixdunord.fr\/908375\/article\/2020-12-15\/affaire-ghosn-rachida-dati-renonce-ses-procedures-en-diffamation\">renoncer \u00e0 ces proc\u00e9dures<\/a>.&nbsp;<\/li>\n\n\n\n<li>En 2024, Rachida Dati porte plainte pour \u201centrave \u00e0 la justice\u201d contre le nouveau dirigeant de Renault, Jean Dominique S\u00e9nard, qui a succ\u00e9d\u00e9 \u00e0 Carlos Ghosn et men\u00e9 une enqu\u00eate interne sur les contrats pass\u00e9s par ce dernier avec l\u2019ex-eurod\u00e9put\u00e9e. Finalement, <a href=\"https:\/\/www.blast-info.fr\/articles\/2025\/plainte-contre-jean-dominique-senard-rachida-dati-mange-son-chapeau-et-ne-va-pas-encore-au-tribunal-t_u83YHtS9qTl63_2Ug7JQ\">elle ne se pr\u00e9sente pas au tribunal<\/a> pour faire prosp\u00e9rer la plainte.<\/li>\n\n\n\n<li>En mai 2025, Rachida Dati <a href=\"https:\/\/www.lemonde.fr\/politique\/article\/2025\/09\/16\/rachida-dati-visee-par-une-enquete-pour-non-declaration-de-bijoux-a-la-haute-autorite-de-la-transparence-de-la-vie-publique_6641391_823448.html?utm_source=chatgpt.com\">annonce qu\u2019elle va porter plainte<\/a> en diffamation contre Lib\u00e9ration qui a publi\u00e9 une enqu\u00eate sur ses bijoux potentiellement non d\u00e9clar\u00e9s \u00e0 la HATVP.<\/li>\n\n\n\n<li>En juillet 2025, <a href=\"https:\/\/www.liberation.fr\/politique\/poursuivie-pour-diffamation-par-rachida-dati-aurelie-filippetti-relaxee-20250703_ZYCNBQDCR5HTRMI3DPLCWOC6YE\/\">Rachida Dati a \u00e9t\u00e9 condamn\u00e9e \u00e0 verser 2000 euros de dommages et int\u00e9r\u00eats<\/a> \u00e0 l\u2019ex-ministre socialiste Aur\u00e9lie Filippetti qui avait d\u00e9nonc\u00e9 publiquement ses liens avec l\u2019Azerba\u00efdjan et qu&#8217;elle avait poursuivi en diffamation.<\/li>\n\n\n\n<li>Le 15 septembre 2025, le tribunal de Paris <a href=\"https:\/\/www.nouvelobs.com\/economie\/20250915.OBS107695\/rachida-dati-perd-un-nouveau-proces-en-diffamation-contre-le-nouvel-obs.html\">d\u00e9boute <\/a>Rachida Dati de ses poursuites en diffamation engag\u00e9es contre Le Nouvel Obs suite \u00e0 la publication de son article \u201c<a href=\"https:\/\/www.nouvelobs.com\/politique\/20240313.OBS85669\/l-affaire-dati-revelations-sur-le-business-cache-de-la-ministre-de-la-culture.html\">l\u2019affaire Dati : r\u00e9v\u00e9lation sur le business cach\u00e9 de la Ministre de la Culture<\/a>\u201d.<\/li>\n\n\n\n<li>Le 5 novembre 2025, Rachida Dati <a href=\"https:\/\/x.com\/fdevedjian\/status\/1986141187921899754\">d\u00e9pose plainte<\/a> contre l\u2019avocat Fran\u00e7ois Devedjian devant l\u2019autorit\u00e9 disciplinaire des avocats parisiens (le b\u00e2tonnier de Paris), pour \u201cmanquements graves et r\u00e9p\u00e9t\u00e9s aux principes essentiels\u201d de la profession d\u2019avocat. Elle reproche \u00e0 ce dernier d\u2019avoir \u00e9voqu\u00e9 publiquement ses liens avec le dirigeant autoritaire de l\u2019Azerba\u00efdjan, ainsi que l\u2019information judiciaire pour corruption et trafic d\u2019influence qui en d\u00e9coule. Le 23 d\u00e9cembre 2025, le b\u00e2tonnier de Paris <a href=\"https:\/\/x.com\/fdevedjian\/status\/2003445120033587383\">rend un avis<\/a> dans lequel il estime qu\u2019aucun manquement disciplinaire ne peut \u00eatre reproch\u00e9 \u00e0 cet avocat, les informations \u00e9voqu\u00e9es reposant sur des bases factuelles.<\/li>\n\n\n\n<li>En novembre 2025, le tribunal judiciaire de Paris consid\u00e8re <a href=\"https:\/\/www.lecanardenchaine.fr\/police-justice\/52302-nouveau-coup-de-bec-du-canard-contre-rachida-dati\">comme non fond\u00e9e la plainte en diffamation<\/a> d\u00e9pos\u00e9e par Rachida Dati contre le Canard Encha\u00een\u00e9 qui avait publi\u00e9 en 2024 un article mentionnant ses liens avec l\u2019Azerba\u00efdjan et le Qatar.<\/li>\n\n\n\n<li>Le 27 f\u00e9vrier 2026, trois heures apr\u00e8s le lancement de ce site, le directeur de campagne de Rachida Dati adresse \u00e0 l&#8217;h\u00e9bergeur OVH une <a href=\"http:\/\/wikidati.fr\/wp-content\/uploads\/2026\/03\/Mail-OVH-Sterkers-Complet.jpg\">demande de retrait de ce contenu<\/a>, au motif qu&#8217;il s&#8217;agirait d&#8217;une atteinte \u00e0 la pr\u00e9somption d&#8217;innocence (Code civil, article 9-1), et d&#8217;une diffamation (Loi du 28 juillet 1881, article 29)<\/li>\n<\/ul>\n\n\n\n<p>D\u2019apr\u00e8s les informations disponibles en ligne, une seule de ces plaintes a d\u00e9j\u00e0 aboutie :&nbsp;<\/p>\n\n\n\n<ul class=\"wp-block-list\">\n<li>En 2024, l\u2019adjointe \u00e0 la maire de Paris Lamia El Aaraje est <a href=\"https:\/\/www.ouest-france.fr\/societe\/justice\/lamia-el-aaraje-adjointe-a-la-maire-de-paris-condamnee-a-verser-5-000-euros-a-rachida-dati-25a0b074-e1f7-11ee-94a7-1385a6efe21e\">condamn\u00e9e <\/a>en premi\u00e8re instance \u00e0 5000 euros d\u2019amendes pour atteinte \u00e0 la pr\u00e9somption d\u2019innocence pour le tweet suivant : \u201c<em>Rachida Dati ministre, mauvaise nouvelle pour la France, bonne nouvelle pour Paris. Corruption passive, recel d\u2019abus de pouvoir, trafic d\u2019influence\u2026 Beau palmar\u00e8s !<\/em><strong>\u201d. <\/strong>Rachida Dati n\u2019a en effet pour l\u2019instant jamais \u00e9t\u00e9 condamn\u00e9e par la justice pour ces d\u00e9lits et elle b\u00e9n\u00e9ficie de la pr\u00e9somption d\u2019innocence.<\/li>\n<\/ul>\n\n\n\n<p><em><strong>Pourquoi \u00e7a pose probl\u00e8me ?<\/strong><\/em><\/p>\n\n\n\n<p>Si n\u2019importe quel justiciable peut contester en justice une diffamation dont il s&#8217;estime victime, le recours syst\u00e9matique par Rachida Dati \u00e0 des plaintes ou menaces de plaintes rel\u00e8ve d\u2019une strat\u00e9gie de \u201cproc\u00e9dures-baillons\u201d visant \u00e0 susciter la peur chez les personnes s\u2019exprimant sur ses affaires. Le recours \u00e0 cette strat\u00e9gie est prouv\u00e9 par les multiples d\u00e9sistements de Rachida Dati apr\u00e8s des menaces publiques de plaintes, et par les multiples fois o\u00f9 ces plaintes ont \u00e9t\u00e9 rejet\u00e9es par la justice.<\/p>\n\n\n\n<p><br>Le recours \u00e0 une telle strat\u00e9gie de \u201cproc\u00e9dures-baillons\u201d peut faire l\u2019objet d\u2019une sanction judiciaire, notamment au titre de l&#8217;infraction de proc\u00e9dure abusive pr\u00e9vue par le <a href=\"https:\/\/www.legifrance.gouv.fr\/codes\/article_lc\/LEGIARTI000034747739\">Code civil<\/a>. Rachida Dati a d\u00e9j\u00e0 commis une telle infraction suite \u00e0 sa proc\u00e9dure b\u00e2illon initi\u00e9e contre Aur\u00e9lie Filippetti, et dans son <a href=\"https:\/\/www.liberation.fr\/politique\/poursuivie-pour-diffamation-par-rachida-dati-aurelie-filippetti-relaxee-20250703_ZYCNBQDCR5HTRMI3DPLCWOC6YE\/\">jugement <\/a>le tribunal l\u2019a enjoint \u00e0 \u201c<em>montrer une plus grande tol\u00e9rance vis-\u00e0-vis de la critique<\/em>\u201d et a consid\u00e9r\u00e9 qu\u2019elle avait fait preuve d\u2019une \u201c<em>l\u00e9g\u00e8ret\u00e9 bl\u00e2mable<\/em>\u201d en s\u2019impliquant tr\u00e8s peu dans la proc\u00e9dure qu\u2019elle avait elle m\u00eame initi\u00e9e.&nbsp;Rachida Dati a annonc\u00e9 faire appel de ce jugement.<\/p>\n\n\n\n<hr class=\"wp-block-separator has-alpha-channel-opacity\"\/>\n<\/div><\/div>\n\n\n\n<div class=\"wp-block-group\"><div class=\"wp-block-group__inner-container is-layout-constrained wp-block-group-is-layout-constrained\">\n<h2 class=\"wp-block-heading\"><span class=\"ez-toc-section\" id=\"Prise_en_charge_de_ses_frais_davocats_avec_de_largent_public\"><\/span><strong>Prise en charge de ses frais d\u2019avocats avec de l\u2019argent public<\/strong><span class=\"ez-toc-section-end\"><\/span><\/h2>\n\n\n\n<p><em><strong>Quels sont les faits ?<\/strong><\/em><\/p>\n\n\n\n<p>En octobre 2025, <a href=\"https:\/\/www.lemonde.fr\/politique\/article\/2025\/10\/10\/a-paris-les-multiples-demandes-de-rachida-dati-pour-la-prise-en-charge-de-ses-frais-d-avocats-et-de-justice_6645625_823448.html\">Le Monde r\u00e9v\u00e8le<\/a> que Rachida Dati a sollicit\u00e9 aupr\u00e8s de la ville de Paris \u00e0 <a href=\"https:\/\/www.lemonde.fr\/politique\/article\/2025\/10\/10\/a-paris-les-multiples-demandes-de-rachida-dati-pour-la-prise-en-charge-de-ses-frais-d-avocats-et-de-justice_6645625_823448.html\">5 reprises<\/a> depuis 2020 la prise en charge de ses frais d\u2019avocats avec de l\u2019argent public, au titre de la protection fonctionnelle. Ce m\u00e9canisme l\u00e9gal permet aux \u00e9lus locaux de se faire payer les frais de d\u00e9fense dans les proc\u00e9dures en lien avec leur mandat, \u00e0 condition que ces proc\u00e9dures ne soient pas li\u00e9es \u00e0 une faute personnelle d\u00e9tachable de l\u2019exercice des fonctions publiques. Rachida Dati obtiendra 2 fois cette protection fonctionnelle, afin de lancer des poursuites judiciaires en diffamation contre la maire de Paris Anne Hidalgo. Et pour contester les refus d&#8217;octroi de protection fonctionnelle dans d\u2019autres affaires, Rachida Dati ira jusqu\u2019\u00e0 d\u00e9poser des recours devant le tribunal administratif.<\/p>\n\n\n\n<p>En novembre 2025, <a href=\"https:\/\/www.lecanardenchaine.fr\/police-justice\/52310-rachida-dati-s-est-fait-payer-pour-300-000-euros-de-frais-d-avocats-par-le-barreau-de-paris\">Le Canard Encha\u00een\u00e9 r\u00e9v\u00e8le<\/a> que Rachida Dati a b\u00e9n\u00e9fici\u00e9 en tant qu&#8217;avocate de la prise en charge de ses frais d\u2019avocats \u00e0 hauteur de 300 000 euros, soit le maximum possible, par le fond d\u2019assurance du barreau de Paris, dans le cadre de son proc\u00e8s pour corruption et trafic d\u2019influence dans l&#8217;affaire Renault-Nissan. Cette assurance de d\u00e9fense p\u00e9nale est destin\u00e9e \u00e0 prendre en charge la d\u00e9fense de tout avocat poursuivi pour un d\u00e9lit ou en crime, jusqu\u2019\u00e0 un maximum de 300 000 euros, et elle est financ\u00e9e gr\u00e2ce \u00e0 un contrat d\u2019assurance pay\u00e9 par les cotisations de tous les avocats parisiens.<\/p>\n\n\n\n<p><em><strong>Pourquoi \u00e7a pose probl\u00e8me ?&nbsp;<\/strong><\/em><\/p>\n\n\n\n<p>Sur la forme, la prise en charge des frais d\u2019avocats de Rachida Dati via la protection fonctionnelle ou l\u2019assurance d\u00e9fense p\u00e9nal sont l\u00e9gaux et ont \u00e9t\u00e9 valid\u00e9s par les instances comp\u00e9tentes. Sur le fond, il faut rappeler que leur octroi n\u2019est pas automatique et n\u00e9cessite une sollicitation proactive. Certains \u00e9lus ou avocats y renoncent quand ils estiment pouvoir les prendre en charge eux-m\u00eames. Le recours syst\u00e9matique \u00e0 ces enveloppes d\u2019argent public par Rachida Dati entre en contradiction avec <a href=\"https:\/\/www.lemonde.fr\/politique\/article\/2025\/10\/10\/a-paris-les-multiples-demandes-de-rachida-dati-pour-la-prise-en-charge-de-ses-frais-d-avocats-et-de-justice_6645625_823448.html\">des propos<\/a> qu\u2019elle a pu tenir le 7 octobre 2025 : \u201c<em>Je n\u2019utilise pas l\u2019argent des Parisiens, ni pour des affaires personnelles, ni dans le cadre de mes fonctions, parce que j\u2019estime que quand on gagne bien sa vie, ce n\u2019est pas aux Parisiens, ce n\u2019est pas \u00e0 la collectivit\u00e9 de payer pour vous. Et j\u2019ajoute, ce qui n\u2019est pas mon cas, [que] les avocats de Mme Hidalgo, les avocats de M. [Emmanuel] Gr\u00e9goire sont pay\u00e9s par les Parisiens<\/em>.\u201d<\/p>\n\n\n\n<hr class=\"wp-block-separator has-alpha-channel-opacity\"\/>\n<\/div><\/div>\n\n\n\n<div class=\"wp-block-group\"><div class=\"wp-block-group__inner-container is-layout-constrained wp-block-group-is-layout-constrained\">\n<h2 class=\"wp-block-heading\"><span class=\"ez-toc-section\" id=\"Multiples_interventions_pour_appuyer_des_demandes_de_logements_sociaux_y_compris_celle_de_sa_soeur\"><\/span><strong>Multiples interventions pour appuyer des demandes de logements sociaux, y compris celle de sa s\u0153ur<\/strong><span class=\"ez-toc-section-end\"><\/span><\/h2>\n\n\n\n<p><em><strong>Quels sont les faits ?<\/strong><\/em><\/p>\n\n\n\n<p>En octobre 2025, <a href=\"https:\/\/www.lecanardenchaine.fr\/politique\/52117-dati-a-l-esprit-de-famille\">Le Canard Encha\u00een\u00e9 r\u00e9v\u00e8le<\/a> que Rachida Dati a appuy\u00e9 \u00e0 plusieurs reprises les demandes de logements sociaux de proches, dont sa s\u0153ur qui a fini par obtenir un logement social sur le contingent d\u00e9pendant de l\u2019ancien maire d\u2019arrondissement LR du XV\u00e8me arrondissement.<\/p>\n\n\n\n<p>En novembre 2025, <a href=\"https:\/\/www.lemonde.fr\/societe\/article\/2025\/11\/25\/les-relations-ambivalentes-de-rachida-dati-avec-le-logement-social_6654819_3224.html\">Le Monde r\u00e9v\u00e8le<\/a> que Rachida Dati sollicite tr\u00e8s r\u00e9guli\u00e8rement les services de la ville pour appuyer des demandes de logements sociaux, avec une moyenne de 5 demandes par semaine, ce qui fait d\u2019elle l\u2019\u00e9lue parisienne appuyant le plus ces demandes.<\/p>\n\n\n\n<p><em><strong>Pourquoi \u00e7a pose probl\u00e8me ?<\/strong><\/em><\/p>\n\n\n\n<p>Les maires parisiens d\u2019arrondissements peuvent relayer de demandes de logements sociaux, mais ils ne peuvent pas appuyer des demandes de proches dans leur propre arrondissement car cela les placeraient en situation de conflit d\u2019int\u00e9r\u00eats, voire de prise ill\u00e9gale d\u2019int\u00e9r\u00eats, en raison de leur r\u00f4le dans la commission d\u2019attribution de HLM de la mairie d\u2019arrondissement. Les sollicitations d\u2019\u00e9lus d\u2019autres arrondissements du m\u00eame bord politique apparaissent donc comme un moyen de contourner cette interdiction de fa\u00e7on l\u00e9gale.<br>Par ailleurs, les appuis fr\u00e9quents de demandes de logements sociaux par Rachida Dati dans une ville o\u00f9 l\u2019offre est tr\u00e8s tendue apparaissent en contradiction avec ses votes au Conseil de Paris, o\u00f9 elle <a href=\"https:\/\/www.nouvelobs.com\/politique\/20251209.OBS110487\/municipales-a-paris-pourquoi-rachida-dati-n-est-pas-l-avocate-du-logement-social-qu-elle-pretend-etre.html\">s\u2019oppose quasi-syst\u00e9matiquement<\/a> \u00e0 toute construction de nouveaux logements sociaux.<\/p>\n\n\n\n<hr class=\"wp-block-separator has-alpha-channel-opacity\"\/>\n<\/div><\/div>\n\n\n\n<div class=\"wp-block-group\"><div class=\"wp-block-group__inner-container is-layout-constrained wp-block-group-is-layout-constrained\">\n<h2 class=\"wp-block-heading\"><span class=\"ez-toc-section\" id=\"Prise_en_charge_dimportantes_depenses_de_frais_de_bouche_et_communication_avec_de_largent_public\"><\/span><strong>Prise en charge d\u2019importantes d\u00e9penses de frais de bouche et communication avec de l\u2019argent public<\/strong><span class=\"ez-toc-section-end\"><\/span><\/h2>\n\n\n\n<p><em><strong>Quels sont les faits ?&nbsp;<\/strong><\/em><\/p>\n\n\n\n<p>En mars 2008, <a href=\"https:\/\/www.mediapart.fr\/journal\/france\/260308\/les-folles-depenses-de-la-ministre-rachida-dati\">M\u00e9diapart r\u00e9v\u00e8le<\/a> que le contr\u00f4leur financier du minist\u00e8re de la Justice a rappel\u00e9 \u00e0 l\u2019ordre le cabinet de Rachida Dati, alors ministre de la Justice, pour des d\u00e9penses excessives en frais de r\u00e9ception r\u00e9alis\u00e9es en 2008. En 3 mois, pr\u00e8s des deux tiers de l\u2019enveloppe annuelle de 180 000 euros pr\u00e9vue pour ces frais avaient d\u00e9j\u00e0 \u00e9t\u00e9 d\u00e9pens\u00e9s pour organiser de nombreuses r\u00e9ceptions au minist\u00e8re. En 2007, les d\u00e9penses en frais de r\u00e9ception avaient d\u00e9j\u00e0 consid\u00e9rablement augment\u00e9 puisque Rachida Dati avait d\u00e9pens\u00e9 en 6 mois plus de 4 fois plus d\u2019argent public en frais de r\u00e9ception que le pr\u00e9c\u00e9dent ministre de la justice sur une p\u00e9riode \u00e9quivalente. Certains \u00e9v\u00e9nements, comme une F\u00eate de la musique dans les jardins d\u2019un minist\u00e8re, ou une garden party pour le 14 juillet, ont co\u00fbt\u00e9 respectivement 23 832 euros et 57 467 euros rien qu\u2019en frais de traiteurs, hors d\u00e9penses de personnel. Des frais de luxe sont \u00e9galement pris en charge avec de l\u2019argent public, comme une note de restaurant \u00e0 1730 euros ou des frais d\u2019h\u00f4tel \u00e0 3903 euros. Quelques d\u00e9penses personnelles de Rachida Dati qui semblent avoir \u00e9t\u00e9 prises en charge avec cet argent public : des paires de collants et du maquillage.<\/p>\n\n\n\n<p>En juillet 2014, <a href=\"https:\/\/archives.lecanardenchaine.fr\/annees\/2014\/liseuse-4889-6e661fc357ac0b0d?q=dati#p3\">Le Canard Encha\u00een\u00e9 r\u00e9v\u00e8le<\/a> \u00e0 partir d\u2019un audit financier des comptes de l\u2019UMP que le parti politique, qui b\u00e9n\u00e9ficie d\u2019importants financements publics, prenait en charge jusqu\u2019\u00e0 10 000 euros par an de forfait t\u00e9l\u00e9phonique pour sa membre Rachida Dati, ainsi que 9000 euros de billets de train et 4000 euros de billets d\u2019avion pour l\u2019ann\u00e9e 2013, ainsi que le salaire d\u2019une collaboratrice personnelle r\u00e9mun\u00e9r\u00e9e 7000 euros par mois.<\/p>\n\n\n\n<p>En mai 2015, <a href=\"https:\/\/www.lepoint.fr\/politique\/la-cour-des-comptes-epingle-les-depenses-de-rachida-dati-13-05-2015-1928254_20.php\">Le Point r\u00e9v\u00e8le<\/a> que la Cour des comptes a sanctionn\u00e9 le comptable public du minist\u00e8re de la Justice pour des factures r\u00e9gl\u00e9es entre 2008 et 2009, au moment o\u00f9 Rachida Dati \u00e9tait ministre de la Justice. Cette sanction invalide 190 000 euros de d\u00e9penses en raison d\u2019une violation des obligations formelles comptables. Sont notamment invalid\u00e9es 180 000 euros de d\u00e9penses de communication aupr\u00e8s de la soci\u00e9t\u00e9 Giacometti P\u00e9ron dont le pr\u00e9sident sera d\u00e9finitivement condamn\u00e9 en 2025 pour favoritisme dans le cadre d\u2019une autre affaire, celle des \u201c<a href=\"https:\/\/www.lefigaro.fr\/actualite-france\/sondages-de-l-elysee-claude-gueant-condamne-a-huit-mois-de-prison-ferme-20220121\">sondages de l\u2019\u00c9lys\u00e9e<\/a>\u201d.<\/p>\n\n\n\n<p><em><strong>Pourquoi \u00e7a pose probl\u00e8me ?<\/strong><\/em><\/p>\n\n\n\n<p>Ces importantes d\u00e9penses d\u2019agent public b\u00e9n\u00e9ficiant \u00e0 la carri\u00e8re politique personnelle de Rachida Dati n\u2019ont donn\u00e9 lieu \u00e0 aucune poursuite judiciaire. Mais sur le plan politique, ces d\u00e9penses sont en contradiction avec les propos tr\u00e8s critiques tenus par Rachida Dati en 2025 \u00e0 propos des notes de frais de la maire de Paris Anne Hidalgo. Rachida Dati <a href=\"https:\/\/www.rtl.fr\/actu\/politique\/pas-mieux-que-le-braquage-du-louvre-anne-hidalgo-et-rachida-dati-s-invectivent-sur-leurs-bilans-au-conseil-de-paris-7900579057?utm_source=chatgpt.com\">affirmait <\/a>notamment en 2025 \u00e0 ce sujet : \u201c<em>Je n\u2019ai jamais utilis\u00e9 d\u2019argent public contrairement \u00e0 vous. Vous devrez vous expliquer sur les notes de frais et d\u00e9penses personnelles qu&#8217;ont pay\u00e9s les Parisiens pour vous<\/em>\u201d et \u00e9voquait un \u201c<em>train de vie d\u00e9mesur\u00e9<\/em>\u201d d\u2019une maire \u201c<em>qui ponctionne les parisiens<\/em>\u201d.<\/p>\n\n\n\n<hr class=\"wp-block-separator has-alpha-channel-opacity\"\/>\n<\/div><\/div>\n\n\n\n<div class=\"wp-block-group\"><div class=\"wp-block-group__inner-container is-layout-constrained wp-block-group-is-layout-constrained\">\n<h2 class=\"wp-block-heading\"><span class=\"ez-toc-section\" id=\"Presentation_dun_CV_trompeur_pour_etre_admise_a_lEcole_nationale_de_la_Magistrature\"><\/span><strong>Pr\u00e9sentation d\u2019un CV trompeur pour \u00eatre admise \u00e0 l\u2019\u00c9cole nationale de la Magistrature<\/strong><span class=\"ez-toc-section-end\"><\/span><\/h2>\n\n\n\n<p><em><strong>Quels sont les faits ?<\/strong><\/em><\/p>\n\n\n\n<p>En 2007, <a href=\"https:\/\/www.nouvelobs.com\/justice\/la-justice-sous-pression-s\/20071031.OBS2309\/un-cv-de-rachida-dati-fait-bien-mention-du-mba.html\">Le Canard Encha\u00een\u00e9 publie<\/a> un CV de Rachida Dati envoy\u00e9 au jury de l\u2019\u00c9cole nationale de la Magistrature o\u00f9 celle-ci a indiqu\u00e9 \u201c<em>1993 : M.B.A. du groupe HEC &#8211; Ancienne \u00e9l\u00e8ve de l\u2019Institut Sup\u00e9rieur des Affaires<\/em>\u201d. Pourtant, ce dipl\u00f4me ne lui a jamais \u00e9t\u00e9 accord\u00e9 puisqu\u2019elle n\u2019a pas termin\u00e9 la formation.&nbsp;<\/p>\n\n\n\n<p><em><strong>Pourquoi \u00e7a pose probl\u00e8me ?<\/strong><\/em><\/p>\n\n\n\n<p>Ce CV laissant entendre l\u2019obtention d\u2019un dipl\u00f4me prestigieux a \u00e9t\u00e9 utilis\u00e9 en 1996 par Rachida Dati comme document justificatif pour entrer \u00e0 l\u2019\u00c9cole Nationale de la Magistrature sans passer le difficile concours \u00e9crit d\u2019entr\u00e9e, gr\u00e2ce \u00e0 une voie d\u2019admission parall\u00e8le sur dossier destin\u00e9e aux personnes b\u00e9n\u00e9ficiant d\u00e9j\u00e0 d\u2019une exp\u00e9rience professionnelle. <\/p>\n\n\n\n<hr class=\"wp-block-separator has-alpha-channel-opacity\"\/>\n<\/div><\/div>\n\n\n\n<div class=\"wp-block-group\"><div class=\"wp-block-group__inner-container is-layout-constrained wp-block-group-is-layout-constrained\">\n<h2 class=\"wp-block-heading\"><span class=\"ez-toc-section\" id=\"Potentiel_parjure_devant_la_commission_denquete_sur_laudiovisuel_public\"><\/span><strong>Potentiel parjure devant la commission d\u2019enqu\u00eate sur l\u2019audiovisuel public<\/strong><span class=\"ez-toc-section-end\"><\/span><\/h2>\n\n\n\n<p><strong><em>Quels sont les faits ?<\/em><\/strong><\/p>\n\n\n\n<p>Le 5 f\u00e9vrier 2026, auditionn\u00e9e par la commission d\u2019enqu\u00eate de l\u2019Assembl\u00e9e nationale sur l\u2019audiovisuel public en tant que ministre de la culture, Rachida Dati <a href=\"https:\/\/www.lemonde.fr\/economie\/article\/2026\/02\/05\/a-la-commission-d-enquete-sur-l-audiovisuel-public-les-24-heures-inconfortables-de-charles-alloncle_6665584_3234.html\">accuse <\/a>des journalistes de Compl\u00e9ment d\u2019enqu\u00eate d\u2019avoir propos\u00e9 de l\u2019argent \u00e0 un membre de sa famille pour qu\u2019il t\u00e9moigne sur elle. Elle refuse de fournir des preuves pour \u00e9tayer ses accusations malgr\u00e9 les interrogations des d\u00e9put\u00e9s.<\/p>\n\n\n\n<p>7 jours plus tard, les journalistes de Compl\u00e9ment d\u2019enqu\u00eate sont eux-m\u00eames auditionn\u00e9s par la commission d\u2019enqu\u00eate, et ils <a href=\"https:\/\/www.lemonde.fr\/economie\/article\/2026\/02\/12\/a-la-commission-d-enquete-parlementaire-sur-l-audiovisuel-public-un-parfum-de-parjure_6666554_3234.html\">d\u00e9mentent <\/a>ces accusations. Comme preuve, ils fournissent aux d\u00e9put\u00e9s un courriel d\u2019un proche de Rachida Dati, qui s\u2019est reconnu dans les propos de cette derni\u00e8re, et dans lequel il indique que les journalistes n\u2019ont jamais propos\u00e9 de le r\u00e9mun\u00e9rer pour obtenir son t\u00e9moignage.&nbsp;<\/p>\n\n\n\n<p><strong><em>Pourquoi \u00e7a pose probl\u00e8me ?<\/em><\/strong><\/p>\n\n\n\n<p>Le fait de d\u00e9livrer un faux t\u00e9moignage lors d\u2019une audition sous serment devant une commission d\u2019enqu\u00eate parlementaire peut \u00eatre constitutif du d\u00e9lit p\u00e9nal de faux t\u00e9moignage, tel que pr\u00e9vu par l\u2019article <a href=\"https:\/\/www.legifrance.gouv.fr\/codes\/article_lc\/LEGIARTI000006418637\">434-13<\/a> du Code p\u00e9nal (par renvoi de <a href=\"https:\/\/www.legifrance.gouv.fr\/loda\/article_lc\/LEGIARTI000035391366\/2023-06-07\/\">l\u2019article 6<\/a> de l\u2019ordonnance sur le fonctionnement des assembl\u00e9es parlementaires). Ce d\u00e9lit est <a href=\"https:\/\/www.legifrance.gouv.fr\/codes\/article_lc\/LEGIARTI000006418639\">sanctionn\u00e9 <\/a>d\u2019un maximum de 5 ans d\u2019emprisonnement et 75 000 euros d\u2019amende.<\/p>\n\n\n\n<p>N\u00e9anmoins, pour que des poursuites judiciaires soient engag\u00e9es sur un parjure devant une commission d\u2019enqu\u00eate parlementaire, le parquet ne peut pas s\u2019auto-saisir et il doit \u00eatre saisi par le pr\u00e9sident de la commission d\u2019enqu\u00eate ou par le Bureau de l\u2019Assembl\u00e9e nationale. Pour l\u2019instant, le pr\u00e9sident de la commission d\u2019enqu\u00eate sur l\u2019audiovisuel public, apparent\u00e9 au groupe Horizons qui soutient d\u00e9sormais Rachida Dati dans sa candidature de second tour \u00e0 la mairie de Paris, n\u2019a pas fait de signalement au parquet.<\/p>\n\n\n\n<hr class=\"wp-block-separator has-alpha-channel-opacity\"\/>\n<\/div><\/div>\n\n\n\n<div class=\"wp-block-group\"><div class=\"wp-block-group__inner-container is-layout-constrained wp-block-group-is-layout-constrained\">\n<h2 class=\"wp-block-heading\"><span class=\"ez-toc-section\" id=\"Possible_detournement_de_fonds_publics_par_lemploi_de_collaborateurs_publics_sur_des_missions_privees_davocate_ou_des_campagnes_electorales\"><\/span><strong>Possible d\u00e9tournement de fonds publics par l\u2019emploi de collaborateurs publics sur des missions priv\u00e9es d\u2019avocate ou des campagnes \u00e9lectorales<\/strong><span class=\"ez-toc-section-end\"><\/span><\/h2>\n\n\n\n<p><em><strong>Quels sont les faits ?<\/strong><\/em><\/p>\n\n\n\n<p>En octobre 2019, la justice perquisitionne la mairie du 7\u00e8me arrondissement dans le cadre de l\u2019information judiciaire ouverte sur l\u2019affaire Renault-Nissan. Dans des carnets de notes consult\u00e9s par <a href=\"https:\/\/www.mediapart.fr\/journal\/france\/190226\/rachida-dati-ministre-candidate-et-avocate-qui-paye-quoi#:~:text=Lib%C3%A9ration\">Lib\u00e9ration <\/a>et <a href=\"https:\/\/www.mediapart.fr\/journal\/france\/190226\/rachida-dati-ministre-candidate-et-avocate-qui-paye-quoi#:~:text=Lib%C3%A9ration\">Le Nouvel Obs<\/a>, et r\u00e9dig\u00e9s par l\u2019assistante de Rachida Dati au titre de son mandat de maire d\u2019arrondissement, les enqu\u00eateurs trouvent de nombreuses mentions manuscrites renvoyant vers des activit\u00e9s priv\u00e9es ou \u00e9lectorales. Il est \u00e9crit notamment <em>&nbsp;\u201cMandats ; vaudrait mieux ne pas stipuler le nombre d\u2019heures car difficile \u00e0 g\u00e9rer 4 mandats \u00e0 300 h + d\u00e9put\u00e9+ maire. GDF SUEZ et AREVA sont concurrents revoir contrat derni\u00e8re page.\u201d<\/em>, une formule qui peut faire&nbsp; r\u00e9f\u00e9rence aux contrats pass\u00e9s entre Rachida Dati et Renault-Nissan ou GDF Suez, ou encore \u201c<em>Serge Dassault 3 000 \u20ac, Carlos Ghosn 4 500 \u20ac, Vincent Bollor\u00e9 4 600 \u20ac\u201d <\/em>qui semble faire r\u00e9f\u00e9rence \u00e0 des dons octroy\u00e9s pour des campagnes \u00e9lectorales.<\/p>\n\n\n\n<p>Par ailleurs, le 14 novembre 2023, d\u2019apr\u00e8s le m\u00e9dia <a href=\"https:\/\/www.off-investigation.fr\/rachida-dati-a-utilise-les-moyens-de-la-mairie-de-paris-pour-servir-le-qatar\/\">Off Investigation<\/a>, le Pr\u00e9sident la Commission de d\u00e9ontologie de la ville de Paris a transmis au parquet de Paris un signalement qu\u2019il a re\u00e7u de l\u2019homme d\u2019affaire Tayeb Benabderrahmane (qui avait \u00e9t\u00e9 d\u00e9tenu au Qatar dans le cadre d\u2019une <a href=\"https:\/\/wikidati.fr\/#Possible_complicite_dans_la_detention_illegale_dun_francais_au_Qatar\">autre affaire<\/a> visant Rachida Dati). Ce dernier y d\u00e9nonce que des collaborateurs d\u00e9di\u00e9s au mandat de maire du 7\u00e8me arrondissement de Rachida Dati, consacrerait une partie de leur temps de travail \u00e0 des t\u00e2ches plut\u00f4t li\u00e9es \u00e0 ses activit\u00e9s d\u2019avocate, notamment pour le compte du Qatar. Selon le signalement, le directeur du cabinet de la maire du 7\u00e8me arrondissement appara\u00eet ainsi comme \u00e9tant l\u2019auteur d\u2019un projet de courrier d\u2019Ali al-Marri, alors pr\u00e9sident du Comit\u00e9 national des droits de l\u2019homme du Qatar, pour inviter la ministre de la justice Nicole Belloubet \u00e0 une visite dans son pays. En outre, le nom d\u2019une autre collaboratrice de la mairie du 7\u00e8me serait associ\u00e9 \u00e0 l\u2019organisation, \u00e0 l\u2019\u00c9lys\u00e9e, d\u2019un entretien entre Ali al-Marri et le Coordinateur national du renseignement en France.<\/p>\n\n\n\n<p>Le 14 octobre 2025, une <a href=\"https:\/\/www.tribunal-de-paris.justice.fr\/sites\/default\/files\/2025-12\/CP%20PERQUISITION%20ALPHAONE%20VD.pdf\">information judiciaire est ouverte<\/a> dans le cadre des affaires GDF-Suez\/Orange\/Qatar\/Azerba\u00efdjan, et elle vise notamment le d\u00e9lit de d\u00e9tournement de fonds publics, ainsi que son recel et blanchiment. Ce d\u00e9lit de d\u00e9tournement de fonds publics \u00e9tait absent de la premi\u00e8re proc\u00e9dure judiciaire concernant l\u2019<a href=\"https:\/\/wikidati.fr\/#Potentielle_corruption_par_Carlos_Ghosn_ancien_PDG_de_Renault-Nissan\">affaire Renault-Nissan<\/a>.<\/p>\n\n\n\n<p><em><strong>Pourquoi \u00e7a pose probl\u00e8me ?<\/strong><\/em><\/p>\n\n\n\n<p>Certains \u00e9lus disposent de collaborateurs r\u00e9mun\u00e9r\u00e9s avec de l\u2019argent public pour les assister sur l\u2019exercice de leur mandat \u00e9lectoral. Mais ces collaborateurs ne peuvent pas \u00eatre employ\u00e9s \u00e0 d\u2019autres fins, notamment \u00e9lectorales ou priv\u00e9es. En effet, dans ces cas la mise \u00e0 disposition de moyens publics pour l\u2019\u00e9lu cr\u00e9erait soit une rupture de l\u2019\u00e9quit\u00e9 dans la comp\u00e9tition \u00e9lectorale vis \u00e0 vis des candidats qui ne sont pas sortant, soit un enrichissement personnel avec des moyens publics. Ces situations peuvent \u00eatre qualifi\u00e9es juridiquement de d\u00e9lit p\u00e9nal de d\u00e9tournement de fonds publics, pr\u00e9vu par l\u2019<a href=\"https:\/\/www.legifrance.gouv.fr\/codes\/article_lc\/LEGIARTI000042780068\">article 432-15 du Code p\u00e9nal<\/a>. Celui-ci peut \u00eatre sanctionn\u00e9 d\u2019une peine allant jusqu\u2019\u00e0 1 000 000 d\u2019euros d\u2019amende, 10 ans d\u2019emprisonnement et d\u2019une <a href=\"https:\/\/www.legifrance.gouv.fr\/codes\/article_lc\/LEGIARTI000028058695\">peine compl\u00e9mentaire<\/a> d\u2019in\u00e9ligibilit\u00e9 de plein droit pouvant aller jusqu\u2019\u00e0 10 ans.<\/p>\n<\/div><\/div>\n\n\n\n<p><\/p>\n","protected":false},"excerpt":{"rendered":"<p>Quatorze affaires distinctes visent directement Rachida Dati et sont r\u00e9pertori\u00e9es dans les m\u00e9dias. Pour chacune d&#8217;entre elle, les faits et la chronologie ont \u00e9t\u00e9 r\u00e9sum\u00e9s et sourc\u00e9s pr\u00e9cis\u00e9ment. Pour chaque affaire, il est essentiel de rappeler pourquoi ces faits posent probl\u00e8me du point de vue de la loi, mais surtout de l&#8217;\u00e9thique politique et pourquoi &#8230; <a title=\"Les affaires\" class=\"read-more\" href=\"https:\/\/wikidati.fr\/\" aria-label=\"Read more about Les affaires\">Read more<\/a><\/p>\n","protected":false},"author":1,"featured_media":0,"parent":0,"menu_order":0,"comment_status":"closed","ping_status":"closed","template":"","meta":{"footnotes":""},"class_list":["post-103","page","type-page","status-publish"],"_links":{"self":[{"href":"https:\/\/wikidati.fr\/index.php\/wp-json\/wp\/v2\/pages\/103","targetHints":{"allow":["GET"]}}],"collection":[{"href":"https:\/\/wikidati.fr\/index.php\/wp-json\/wp\/v2\/pages"}],"about":[{"href":"https:\/\/wikidati.fr\/index.php\/wp-json\/wp\/v2\/types\/page"}],"author":[{"embeddable":true,"href":"https:\/\/wikidati.fr\/index.php\/wp-json\/wp\/v2\/users\/1"}],"replies":[{"embeddable":true,"href":"https:\/\/wikidati.fr\/index.php\/wp-json\/wp\/v2\/comments?post=103"}],"version-history":[{"count":38,"href":"https:\/\/wikidati.fr\/index.php\/wp-json\/wp\/v2\/pages\/103\/revisions"}],"predecessor-version":[{"id":212,"href":"https:\/\/wikidati.fr\/index.php\/wp-json\/wp\/v2\/pages\/103\/revisions\/212"}],"wp:attachment":[{"href":"https:\/\/wikidati.fr\/index.php\/wp-json\/wp\/v2\/media?parent=103"}],"curies":[{"name":"wp","href":"https:\/\/api.w.org\/{rel}","templated":true}]}}